  {"id":212,"date":"2012-10-22T12:11:15","date_gmt":"2012-10-22T12:11:15","guid":{"rendered":"http:\/\/template-demos.com\/wp\/WP01\/WP010005\/?page_id=4"},"modified":"2026-04-15T09:38:19","modified_gmt":"2026-04-15T07:38:19","slug":"home","status":"publish","type":"page","link":"https:\/\/technikapcv.pl\/e-sklep\/","title":{"rendered":"Home"},"content":{"rendered":"<p>[vc_row][vc_column el_class=&#8221;home-slider&#8221;]\n\t\t\t<!-- START wntr_homeslider REVOLUTION SLIDER 6.5.8 --><p class=\"rs-p-wp-fix\"><\/p>\n\t\t\t<rs-module-wrap id=\"rev_slider_2_1_wrapper\" data-source=\"gallery\" style=\"visibility:hidden;background:transparent;padding:0;margin:0px auto;margin-top:0;margin-bottom:0;\">\n\t\t\t\t<rs-module id=\"rev_slider_2_1\" style=\"\" data-version=\"6.5.8\">\n\t\t\t\t\t<rs-slides>\n\t\t\t\t\t\t<rs-slide style=\"position: absolute;\" data-key=\"rs-3\" data-title=\"1\" data-thumb=\"\/\/technikapcv.pl\/e-sklep\/wp-content\/uploads\/2022\/03\/slider1-2-100x50.jpg\" data-in=\"o:0;\" data-out=\"y:100%;\" data-alttrans=\"slideremoveright,slidingoverlaydown,slidingoverlayleft,parallaxtotop,zoomout,curtain-2,incube-horizontal,flyin\">\n\t\t\t\t\t\t\t<img loading=\"lazy\" decoding=\"async\" src=\"\/\/technikapcv.pl\/e-sklep\/wp-content\/plugins\/revslider\/public\/assets\/assets\/dummy.png\" title=\"slider1\" width=\"1920\" height=\"900\" class=\"rev-slidebg tp-rs-img rs-lazyload\" data-lazyload=\"\/\/technikapcv.pl\/e-sklep\/wp-content\/uploads\/2022\/03\/slider1-2.jpg\" data-no-retina>\n<!--\n\t\t\t\t\t\t\t--><rs-group\n\t\t\t\t\t\t\t\tid=\"slider-2-slide-3-layer-11\" \n\t\t\t\t\t\t\t\tdata-type=\"group\"\n\t\t\t\t\t\t\t\tdata-xy=\"xo:250px,60px,50px,30px;y:m;\"\n\t\t\t\t\t\t\t\tdata-text=\"s:20,20,20,20;l:22;a:inherit;\"\n\t\t\t\t\t\t\t\tdata-dim=\"w:689px,686px,689px,276px;h:244px,217px,220px,122px;\"\n\t\t\t\t\t\t\t\tdata-frame_0=\"x:100%;o:1;\"\n\t\t\t\t\t\t\t\tdata-frame_0_mask=\"u:t;\"\n\t\t\t\t\t\t\t\tdata-frame_1=\"sp:1500;sR:10;\"\n\t\t\t\t\t\t\t\tdata-frame_1_mask=\"u:t;\"\n\t\t\t\t\t\t\t\tdata-frame_999=\"o:0;st:w;sR:7490;sA:9000;\"\n\t\t\t\t\t\t\t\tstyle=\"z-index:10;\"\n\t\t\t\t\t\t\t><!--\n\t\t\t\t\t\t\t\t--><rs-layer\n\t\t\t\t\t\t\t\t\tid=\"slider-2-slide-3-layer-1\" \n\t\t\t\t\t\t\t\t\tdata-type=\"text\"\n\t\t\t\t\t\t\t\t\tdata-color=\"rgba(0, 0, 0, 0.68)\"\n\t\t\t\t\t\t\t\t\tdata-rsp_ch=\"on\"\n\t\t\t\t\t\t\t\t\tdata-xy=\"yo:0,0,0,58px;\"\n\t\t\t\t\t\t\t\t\tdata-text=\"s:18,16,16,18;l:18,16,16,20;ls:1px,0,0,0;a:inherit;\"\n\t\t\t\t\t\t\t\t\tdata-vbility=\"t,t,t,f\"\n\t\t\t\t\t\t\t\t\tdata-frame_0=\"y:bottom;o:1;\"\n\t\t\t\t\t\t\t\t\tdata-frame_1=\"e:power3.out;sp:1500;\"\n\t\t\t\t\t\t\t\t\tdata-frame_999=\"o:0;st:w;sR:7490;\"\n\t\t\t\t\t\t\t\t\tstyle=\"z-index:8;font-family:'Rubik';text-transform:capitalize;\"\n\t\t\t\t\t\t\t\t>Wysoka jako\u015b\u0107 produkt\u00f3w \n\t\t\t\t\t\t\t\t<\/rs-layer><!--\n\n\t\t\t\t\t\t\t\t--><rs-layer\n\t\t\t\t\t\t\t\t\tid=\"slider-2-slide-3-layer-2\" \n\t\t\t\t\t\t\t\t\tdata-type=\"text\"\n\t\t\t\t\t\t\t\t\tdata-color=\"rgba(0, 0, 0, 0.68)\"\n\t\t\t\t\t\t\t\t\tdata-rsp_ch=\"on\"\n\t\t\t\t\t\t\t\t\tdata-xy=\"y:m,m,m,t;yo:45px,30px,30px,58px;\"\n\t\t\t\t\t\t\t\t\tdata-text=\"s:14,16,16,18;l:18,16,16,20;ls:1px,0,0,0;a:inherit;\"\n\t\t\t\t\t\t\t\t\tdata-vbility=\"t,t,t,f\"\n\t\t\t\t\t\t\t\t\tdata-frame_0=\"y:bottom;o:1;\"\n\t\t\t\t\t\t\t\t\tdata-frame_1=\"e:power3.out;sp:1500;\"\n\t\t\t\t\t\t\t\t\tdata-frame_999=\"o:0;st:w;sR:7490;\"\n\t\t\t\t\t\t\t\t\tstyle=\"z-index:9;font-family:'Rubik';text-transform:capitalize;\"\n\t\t\t\t\t\t\t\t>Producent z wieloletnim do\u015bwiadczeniem \n\t\t\t\t\t\t\t\t<\/rs-layer><!--\n\n\t\t\t\t\t\t\t\t--><rs-layer\n\t\t\t\t\t\t\t\t\tid=\"slider-2-slide-3-layer-5\" \n\t\t\t\t\t\t\t\t\tdata-type=\"text\"\n\t\t\t\t\t\t\t\t\tdata-color=\"rgba(0, 0, 0, 0.68)\"\n\t\t\t\t\t\t\t\t\tdata-rsp_ch=\"on\"\n\t\t\t\t\t\t\t\t\tdata-xy=\"y:m,m,m,t;yo:17px,3px,7px,58px;\"\n\t\t\t\t\t\t\t\t\tdata-text=\"s:14,16,16,18;l:18,16,16,20;ls:1px,0,0,0;a:inherit;\"\n\t\t\t\t\t\t\t\t\tdata-vbility=\"t,t,t,f\"\n\t\t\t\t\t\t\t\t\tdata-frame_0=\"y:bottom;o:1;\"\n\t\t\t\t\t\t\t\t\tdata-frame_1=\"e:power3.out;sp:1500;\"\n\t\t\t\t\t\t\t\t\tdata-frame_999=\"o:0;st:w;sR:7490;\"\n\t\t\t\t\t\t\t\t\tstyle=\"z-index:6;font-family:'Rubik';text-transform:capitalize;\"\n\t\t\t\t\t\t\t\t> Kurtyny paskowe PCV, pasy PCV\u200b \n\t\t\t\t\t\t\t\t<\/rs-layer><!--\n\n\t\t\t\t\t\t\t\t--><a\n\t\t\t\t\t\t\t\t\tid=\"slider-2-slide-3-layer-6\" \n\t\t\t\t\t\t\t\t\tclass=\"rs-layer rev-btn\"\n\t\t\t\t\t\t\t\t\thref=\"https:\/\/technikapcv.pl\/e-sklep\/index.php\/shop-2\/\" target=\"_self\"\n\t\t\t\t\t\t\t\t\tdata-type=\"button\"\n\t\t\t\t\t\t\t\t\tdata-xy=\"y:b;\"\n\t\t\t\t\t\t\t\t\tdata-text=\"s:14,14,14,12;l:14;fw:500;a:inherit;\"\n\t\t\t\t\t\t\t\t\tdata-rsp_bd=\"off\"\n\t\t\t\t\t\t\t\t\tdata-padding=\"t:10,10,10,5;r:28,20,20,11;b:10,10,10,5;l:28,20,20,11;\"\n\t\t\t\t\t\t\t\t\tdata-border=\"bos:solid;boc:#1490d7;bow:1px,1px,1px,1px;\"\n\t\t\t\t\t\t\t\t\tdata-frame_0=\"sX:2;sY:2;\"\n\t\t\t\t\t\t\t\t\tdata-frame_0_mask=\"u:t;\"\n\t\t\t\t\t\t\t\t\tdata-frame_1=\"e:power2.out;sp:1000;\"\n\t\t\t\t\t\t\t\t\tdata-frame_1_mask=\"u:t;\"\n\t\t\t\t\t\t\t\t\tdata-frame_999=\"o:0;st:w;sR:7990;\"\n\t\t\t\t\t\t\t\t\tdata-frame_hover=\"c:#000;bgc:#fff;boc:#fff;bor:0px,0px,0px,0px;bos:solid;bow:1px,1px,1px,1px;oX:50;oY:50;sp:0;e:none;\"\n\t\t\t\t\t\t\t\t\tstyle=\"z-index:5;background-color:#1490d7;font-family:'Roboto';text-transform:uppercase;cursor:pointer;outline:none;box-shadow:none;box-sizing:border-box;-moz-box-sizing:border-box;-webkit-box-sizing:border-box;\"\n\t\t\t\t\t\t\t\t>Zobacz ofert\u0119 \n\t\t\t\t\t\t\t\t<\/a><!--\n\n\t\t\t\t\t\t\t\t--><rs-layer\n\t\t\t\t\t\t\t\t\tid=\"slider-2-slide-3-layer-20\" \n\t\t\t\t\t\t\t\t\tdata-type=\"text\"\n\t\t\t\t\t\t\t\t\tdata-color=\"#000000\"\n\t\t\t\t\t\t\t\t\tdata-rsp_ch=\"on\"\n\t\t\t\t\t\t\t\t\tdata-xy=\"xo:-4px,0,0,0;y:m;yo:-49px,-50px,-39px,-31px;\"\n\t\t\t\t\t\t\t\t\tdata-text=\"s:60,40,40,30;l:60,40,40,30;ls:1px,0px,0px,0px;fw:500,600,600,600;a:inherit;\"\n\t\t\t\t\t\t\t\t\tdata-frame_0=\"y:-50px;\"\n\t\t\t\t\t\t\t\t\tdata-frame_1=\"e:power3.out;sp:1500;\"\n\t\t\t\t\t\t\t\t\tdata-frame_999=\"o:0;st:w;sR:7490;\"\n\t\t\t\t\t\t\t\t\tstyle=\"z-index:7;font-family:'Rubik';text-transform:capitalize;\"\n\t\t\t\t\t\t\t\t>Technika PCV \n\t\t\t\t\t\t\t\t<\/rs-layer><!--\n\t\t\t\t\t\t\t--><\/rs-group><!--\n-->\t\t\t\t\t\t<\/rs-slide>\n\t\t\t\t\t\t<rs-slide style=\"position: absolute;\" data-key=\"rs-4\" data-title=\"1\" data-thumb=\"\/\/technikapcv.pl\/e-sklep\/wp-content\/uploads\/2022\/03\/slider1-2-100x50.jpg\" data-in=\"o:0;\" data-out=\"y:100%;\" data-alttrans=\"slideremoveright,slidingoverlaydown,slidingoverlayleft,parallaxtotop,zoomout,curtain-2,incube-horizontal,flyin\">\n\t\t\t\t\t\t\t<img loading=\"lazy\" decoding=\"async\" src=\"\/\/technikapcv.pl\/e-sklep\/wp-content\/plugins\/revslider\/public\/assets\/assets\/dummy.png\" title=\"slider1\" width=\"1920\" height=\"900\" class=\"rev-slidebg tp-rs-img rs-lazyload\" data-lazyload=\"\/\/technikapcv.pl\/e-sklep\/wp-content\/uploads\/2022\/03\/slider1-2.jpg\" data-no-retina>\n<!--\n\t\t\t\t\t\t\t--><rs-group\n\t\t\t\t\t\t\t\tid=\"slider-2-slide-4-layer-11\" \n\t\t\t\t\t\t\t\tdata-type=\"group\"\n\t\t\t\t\t\t\t\tdata-xy=\"xo:250px,60px,50px,30px;y:m;\"\n\t\t\t\t\t\t\t\tdata-text=\"s:20,20,20,20;l:22;a:inherit;\"\n\t\t\t\t\t\t\t\tdata-dim=\"w:689px,686px,689px,276px;h:244px,217px,220px,122px;\"\n\t\t\t\t\t\t\t\tdata-frame_0=\"x:100%;o:1;\"\n\t\t\t\t\t\t\t\tdata-frame_0_mask=\"u:t;\"\n\t\t\t\t\t\t\t\tdata-frame_1=\"sp:1500;sR:10;\"\n\t\t\t\t\t\t\t\tdata-frame_1_mask=\"u:t;\"\n\t\t\t\t\t\t\t\tdata-frame_999=\"o:0;st:w;sR:7490;sA:9000;\"\n\t\t\t\t\t\t\t\tstyle=\"z-index:10;\"\n\t\t\t\t\t\t\t><!--\n\t\t\t\t\t\t\t\t--><rs-layer\n\t\t\t\t\t\t\t\t\tid=\"slider-2-slide-4-layer-1\" \n\t\t\t\t\t\t\t\t\tdata-type=\"text\"\n\t\t\t\t\t\t\t\t\tdata-color=\"rgba(0, 0, 0, 0.68)\"\n\t\t\t\t\t\t\t\t\tdata-rsp_ch=\"on\"\n\t\t\t\t\t\t\t\t\tdata-xy=\"yo:0,0,0,58px;\"\n\t\t\t\t\t\t\t\t\tdata-text=\"s:18,16,16,18;l:18,16,16,20;ls:1px,0,0,0;a:inherit;\"\n\t\t\t\t\t\t\t\t\tdata-vbility=\"t,t,t,f\"\n\t\t\t\t\t\t\t\t\tdata-frame_0=\"y:bottom;o:1;\"\n\t\t\t\t\t\t\t\t\tdata-frame_1=\"e:power3.out;sp:1500;\"\n\t\t\t\t\t\t\t\t\tdata-frame_999=\"o:0;st:w;sR:7490;\"\n\t\t\t\t\t\t\t\t\tstyle=\"z-index:8;font-family:'Rubik';text-transform:capitalize;\"\n\t\t\t\t\t\t\t\t>Wysoka jako\u015b\u0107 produkt\u00f3w \n\t\t\t\t\t\t\t\t<\/rs-layer><!--\n\n\t\t\t\t\t\t\t\t--><rs-layer\n\t\t\t\t\t\t\t\t\tid=\"slider-2-slide-4-layer-2\" \n\t\t\t\t\t\t\t\t\tdata-type=\"text\"\n\t\t\t\t\t\t\t\t\tdata-color=\"rgba(0, 0, 0, 0.68)\"\n\t\t\t\t\t\t\t\t\tdata-rsp_ch=\"on\"\n\t\t\t\t\t\t\t\t\tdata-xy=\"y:m,m,m,t;yo:45px,30px,30px,58px;\"\n\t\t\t\t\t\t\t\t\tdata-text=\"s:14,16,16,18;l:18,16,16,20;ls:1px,0,0,0;a:inherit;\"\n\t\t\t\t\t\t\t\t\tdata-vbility=\"t,t,t,f\"\n\t\t\t\t\t\t\t\t\tdata-frame_0=\"y:bottom;o:1;\"\n\t\t\t\t\t\t\t\t\tdata-frame_1=\"e:power3.out;sp:1500;\"\n\t\t\t\t\t\t\t\t\tdata-frame_999=\"o:0;st:w;sR:7490;\"\n\t\t\t\t\t\t\t\t\tstyle=\"z-index:9;font-family:'Rubik';text-transform:capitalize;\"\n\t\t\t\t\t\t\t\t>Producent z wieloletnim do\u015bwiadczeniem \n\t\t\t\t\t\t\t\t<\/rs-layer><!--\n\n\t\t\t\t\t\t\t\t--><rs-layer\n\t\t\t\t\t\t\t\t\tid=\"slider-2-slide-4-layer-5\" \n\t\t\t\t\t\t\t\t\tdata-type=\"text\"\n\t\t\t\t\t\t\t\t\tdata-color=\"rgba(0, 0, 0, 0.68)\"\n\t\t\t\t\t\t\t\t\tdata-rsp_ch=\"on\"\n\t\t\t\t\t\t\t\t\tdata-xy=\"y:m,m,m,t;yo:17px,3px,7px,58px;\"\n\t\t\t\t\t\t\t\t\tdata-text=\"s:14,16,16,18;l:18,16,16,20;ls:1px,0,0,0;a:inherit;\"\n\t\t\t\t\t\t\t\t\tdata-vbility=\"t,t,t,f\"\n\t\t\t\t\t\t\t\t\tdata-frame_0=\"y:bottom;o:1;\"\n\t\t\t\t\t\t\t\t\tdata-frame_1=\"e:power3.out;sp:1500;\"\n\t\t\t\t\t\t\t\t\tdata-frame_999=\"o:0;st:w;sR:7490;\"\n\t\t\t\t\t\t\t\t\tstyle=\"z-index:6;font-family:'Rubik';text-transform:capitalize;\"\n\t\t\t\t\t\t\t\t>Kurtyny paskowe PCV, Pasy PCV \n\t\t\t\t\t\t\t\t<\/rs-layer><!--\n\n\t\t\t\t\t\t\t\t--><a\n\t\t\t\t\t\t\t\t\tid=\"slider-2-slide-4-layer-6\" \n\t\t\t\t\t\t\t\t\tclass=\"rs-layer rev-btn\"\n\t\t\t\t\t\t\t\t\thref=\"https:\/\/technikapcv.pl\/e-sklep\/index.php\/shop-2\/\" target=\"_self\"\n\t\t\t\t\t\t\t\t\tdata-type=\"button\"\n\t\t\t\t\t\t\t\t\tdata-xy=\"y:b;\"\n\t\t\t\t\t\t\t\t\tdata-text=\"s:14,14,14,12;l:14;fw:500;a:inherit;\"\n\t\t\t\t\t\t\t\t\tdata-rsp_bd=\"off\"\n\t\t\t\t\t\t\t\t\tdata-padding=\"t:10,10,10,5;r:28,20,20,11;b:10,10,10,5;l:28,20,20,11;\"\n\t\t\t\t\t\t\t\t\tdata-border=\"bos:solid;boc:#1490d7;bow:1px,1px,1px,1px;\"\n\t\t\t\t\t\t\t\t\tdata-frame_0=\"sX:2;sY:2;\"\n\t\t\t\t\t\t\t\t\tdata-frame_0_mask=\"u:t;\"\n\t\t\t\t\t\t\t\t\tdata-frame_1=\"e:power2.out;sp:1000;\"\n\t\t\t\t\t\t\t\t\tdata-frame_1_mask=\"u:t;\"\n\t\t\t\t\t\t\t\t\tdata-frame_999=\"o:0;st:w;sR:7990;\"\n\t\t\t\t\t\t\t\t\tdata-frame_hover=\"c:#000;bgc:#fff;boc:#fff;bor:0px,0px,0px,0px;bos:solid;bow:1px,1px,1px,1px;oX:50;oY:50;sp:0;e:none;\"\n\t\t\t\t\t\t\t\t\tstyle=\"z-index:5;background-color:#1490d7;font-family:'Roboto';text-transform:uppercase;cursor:pointer;outline:none;box-shadow:none;box-sizing:border-box;-moz-box-sizing:border-box;-webkit-box-sizing:border-box;\"\n\t\t\t\t\t\t\t\t>zobacz ofert\u0119 \n\t\t\t\t\t\t\t\t<\/a><!--\n\n\t\t\t\t\t\t\t\t--><rs-layer\n\t\t\t\t\t\t\t\t\tid=\"slider-2-slide-4-layer-20\" \n\t\t\t\t\t\t\t\t\tdata-type=\"text\"\n\t\t\t\t\t\t\t\t\tdata-color=\"#000000\"\n\t\t\t\t\t\t\t\t\tdata-rsp_ch=\"on\"\n\t\t\t\t\t\t\t\t\tdata-xy=\"xo:-4px,0,0,0;y:m;yo:-49px,-50px,-39px,-31px;\"\n\t\t\t\t\t\t\t\t\tdata-text=\"s:60,40,40,30;l:60,40,40,30;ls:1px,0px,0px,0px;fw:500,600,600,600;a:inherit;\"\n\t\t\t\t\t\t\t\t\tdata-frame_0=\"y:-50px;\"\n\t\t\t\t\t\t\t\t\tdata-frame_1=\"e:power3.out;sp:1500;\"\n\t\t\t\t\t\t\t\t\tdata-frame_999=\"o:0;st:w;sR:7490;\"\n\t\t\t\t\t\t\t\t\tstyle=\"z-index:7;font-family:'Rubik';text-transform:capitalize;\"\n\t\t\t\t\t\t\t\t>Technika PCV \n\t\t\t\t\t\t\t\t<\/rs-layer><!--\n\t\t\t\t\t\t\t--><\/rs-group><!--\n-->\t\t\t\t\t\t<\/rs-slide>\n\t\t\t\t\t<\/rs-slides>\n\t\t\t\t<\/rs-module>\n\t\t\t\t<script type=\"text\/javascript\">\n\t\t\t\t\tsetREVStartSize({c: 'rev_slider_2_1',rl:[1240,1024,778,480],el:[900,450,400,300],gw:[1920,1024,778,480],gh:[900,450,400,300],type:'standard',justify:'',layout:'fullwidth',mh:\"0\"});if (window.RS_MODULES!==undefined && window.RS_MODULES.modules!==undefined && window.RS_MODULES.modules[\"revslider21\"]!==undefined) {window.RS_MODULES.modules[\"revslider21\"].once = false;window.revapi2 = undefined;if (window.RS_MODULES.checkMinimal!==undefined) window.RS_MODULES.checkMinimal()}\n\t\t\t\t<\/script>\n\t\t\t<\/rs-module-wrap>\n\t\t\t<!-- END REVOLUTION SLIDER -->\n[\/vc_column][\/vc_row][vc_row el_class=&#8221;top-cms-banner theme-container&#8221;][vc_column css_animation=&#8221;bounceInRight&#8221;][vc_row_inner css=&#8221;.vc_custom_1607925161434{padding-top: 30px !important;padding-right: 30px !important;padding-bottom: 30px !important;padding-left: 30px !important;background-color: #ffffff !important;}&#8221; el_class=&#8221;top-cms-inner&#8221;][vc_column_inner el_class=&#8221;left&#8221; width=&#8221;1\/2&#8243;]<div class=\"cms-banner-item home_banner_1  style-1\"><div class=\"cms-banner-inner\"><div class=\"cms-banner-img\"><a class=\"image-link\" href=\"https:\/\/technikapcv.pl\/e-sklep\/kategoria-produktu\/kurtyny-pcv\/\"  title=\"Home\"><img decoding=\"async\" src=\"https:\/\/technikapcv.pl\/e-sklep\/wp-content\/uploads\/2022\/03\/kurtyny-pcv.jpg\" alt=\"\"\/><\/a><span class=\"static-wrapper\"><span class=\"static-inner\"><span class=\"text1 static-text\">Best seller<\/span><span class=\"text2 static-text\">Kurtyny PCV<\/span><span class=\"text-button\"><a href=\"https:\/\/technikapcv.pl\/e-sklep\/kategoria-produktu\/kurtyny-pcv\/\" target=\"\" class=\"link-text\">Zobacz<\/a><\/span><\/span><\/span><\/div><\/div><\/div>[\/vc_column_inner][vc_column_inner el_class=&#8221;right&#8221; width=&#8221;1\/2&#8243;]<div class=\"cms-banner-item home_banner_1  style-1\"><div class=\"cms-banner-inner\"><div class=\"cms-banner-img\"><a class=\"image-link\" href=\"https:\/\/technikapcv.pl\/e-sklep\/kategoria-produktu\/pasy-pcv\/\"  title=\"Home\"><img decoding=\"async\" src=\"https:\/\/technikapcv.pl\/e-sklep\/wp-content\/uploads\/2022\/03\/pasy-pcv.jpg\" alt=\"\"\/><\/a><span class=\"static-wrapper\"><span class=\"static-inner\"><span class=\"text1 static-text\">Best Seller<\/span><span class=\"text2 static-text\">Pasy PCV<\/span><span class=\"text-button\"><a href=\"https:\/\/technikapcv.pl\/e-sklep\/kategoria-produktu\/pasy-pcv\/\" target=\"\" class=\"link-text\">Zobacz<\/a><\/span><\/span><\/span><\/div><\/div><\/div>[\/vc_column_inner][\/vc_row_inner][\/vc_column][\/vc_row][vc_row css_animation=&#8221;bounceInLeft&#8221; el_class=&#8221;service-wrap&#8221;][vc_column][vc_row_inner el_class=&#8221;home-service theme-container&#8221; css=&#8221;.vc_custom_1607751387151{margin-bottom: 60px !important;border-bottom-width: 1px !important;padding-top: 40px !important;padding-bottom: 40px !important;border-bottom-color: #e4e4e4 !important;border-bottom-style: solid !important;}&#8221;][vc_column_inner width=&#8221;1\/4&#8243;]<div class=\"service-list service-1 style-1\"><div class=\"service-content\"><span class=\"icon-image\"> <\/span><div class=\"service-icon-content\"><div class=\"dark-service-title\">Szybka dostawa<\/div><span class=\"service-title\">Niezw\u0142oczna wysy\u0142ka po otrzymaniu wp\u0142aty<\/span><\/div><\/div><\/div>[\/vc_column_inner][vc_column_inner width=&#8221;1\/4&#8243;]<div class=\"service-list service-2 style-1\"><div class=\"service-content\"><span class=\"icon-image\"> <\/span><div class=\"service-icon-content\"><div class=\"dark-service-title\">Wsparcie 24\/7<\/div><span class=\"service-title\">Sta\u0142e wsparcie online 24\/7<\/span><\/div><\/div><\/div>[\/vc_column_inner][vc_column_inner width=&#8221;1\/4&#8243;]<div class=\"service-list service-3 style-1\"><div class=\"service-content\"><span class=\"icon-image\"> <\/span><div class=\"service-icon-content\"><div class=\"dark-service-title\">Bezpiecze\u0144stwo zakup\u00f3w<\/div><span class=\"service-title\">Gwarancja bezpiecznych zakup\u00f3w<\/span><\/div><\/div><\/div>[\/vc_column_inner][vc_column_inner width=&#8221;1\/4&#8243;]<div class=\"service-list service-4 style-1\"><div class=\"service-content\"><span class=\"icon-image\"> <\/span><div class=\"service-icon-content\"><div class=\"dark-service-title\">Zwrot 14 dni<\/div><span class=\"service-title\">Zwrot towaru w ci\u0105gu 14 dni<\/span><\/div><\/div><\/div>[\/vc_column_inner][\/vc_row_inner][\/vc_column][\/vc_row][vc_row css_animation=&#8221;bounceInUp&#8221;][vc_column][vc_row_inner el_class=&#8221;top-product-tab theme-container&#8221;][vc_column_inner]<div class=\"shortcode-title center \"><div class=\"normal-title\"><h1 class=\"light-title\" >Technika PCV<\/h1><\/div><\/div><div id=\"horizontalTab\"><ul class=\"resp-tabs-list\"><li ><div class=\"tab-title\">Wyr\u00f3\u017cnione<\/div><\/li><li ><div class=\"tab-title\">Najnowsze<\/div><\/li><\/ul><div class=\"resp-tabs-container\"><div id=\"woo-products\" class=\"woo-content products_block shop woofeature\"><div id=\"4_woo_carousel\" class=\"woo-carousel cols-4\"><div class=\"woocommerce columns-4 \">\t<ul class=\"products\" >\r\n<li class=\"post-12499 product type-product status-publish has-post-thumbnail product_cat-kurtyny-pcv first instock featured taxable shipping-taxable purchasable product-type-simple\">\r\n <span class=\"product-loading\"><\/span>\r\n\t<div class=\"container-inner\">\r\n\t\t<div class=\"product-block-inner\">\r\n\t\t\t<a href=\"https:\/\/technikapcv.pl\/e-sklep\/produkt\/kurtyna-paskowa-pcv-1676x3000x2mm-standard\/\" class=\"woocommerce-LoopProduct-link woocommerce-loop-product__link\">\t\t\t<div class=\"image-block\">\t<a href=\"https:\/\/technikapcv.pl\/e-sklep\/produkt\/kurtyna-paskowa-pcv-1676x3000x2mm-standard\/\">\r\n\t\t\t\t<img loading=\"lazy\" decoding=\"async\" width=\"400\" height=\"381\" src=\"https:\/\/technikapcv.pl\/e-sklep\/wp-content\/uploads\/2025\/02\/szablon-1676x-3000-1-400x381.png\" class=\"attachment-woocommerce_thumbnail size-woocommerce_thumbnail\" alt=\"Kurtyna paskowa PCV 1676x3000x2mm standard\" \/><img loading=\"lazy\" decoding=\"async\" width=\"400\" height=\"381\" src=\"https:\/\/technikapcv.pl\/e-sklep\/wp-content\/uploads\/2023\/04\/15-duze-1024x768-1-400x381.jpg\" class=\"secondary-image attachment-shop-catalog\" alt=\"\" \/>\t\t\t\t<\/a><\/div><div class=\"product-detail-wrapper\">\r\n\t\t\t\t\r\n\t\t\t<a href=\"https:\/\/technikapcv.pl\/e-sklep\/produkt\/kurtyna-paskowa-pcv-1676x3000x2mm-standard\/\"><h3 class=\"product-name\">Kurtyna paskowa PCV 1676x3000x2mm standard<\/h3><\/a>\r\n\t\t\t<div class=\"star-rating\" title=\"Not yet rated\"><span style=\"width:0%\"><strong class=\"rating\">0<\/strong> out of 5<\/span><\/div>\t\t\t<\/a>\n\t<span class=\"price\"><span class=\"woocommerce-Price-amount amount\">530,40&nbsp;<span class=\"woocommerce-Price-currencySymbol\">&#122;&#322;<\/span><\/span><\/span>\n<a href=\"\/e-sklep\/wp-json\/wp\/v2\/pages\/212?add-to-cart=12499\" aria-describedby=\"woocommerce_loop_add_to_cart_link_describedby_12499\" data-quantity=\"1\" class=\"button product_type_simple add_to_cart_button ajax_add_to_cart\" data-product_id=\"12499\" data-product_sku=\"\" aria-label=\"Dodaj do koszyka: &bdquo;Kurtyna paskowa PCV 1676x3000x2mm standard&rdquo;\" rel=\"nofollow\" data-success_message=\"&ldquo;Kurtyna paskowa PCV 1676x3000x2mm standard&rdquo; zosta\u0142 dodany do twojego koszyka\">Dodaj do koszyka<\/a>\t<span id=\"woocommerce_loop_add_to_cart_link_describedby_12499\" class=\"screen-reader-text\">\n\t\t\t<\/span>\n\n<div\n\tclass=\"yith-wcwl-add-to-wishlist add-to-wishlist-12499 yith-wcwl-add-to-wishlist--link-style wishlist-fragment on-first-load\"\n\tdata-fragment-ref=\"12499\"\n\tdata-fragment-options=\"{&quot;base_url&quot;:&quot;&quot;,&quot;product_id&quot;:12499,&quot;parent_product_id&quot;:0,&quot;product_type&quot;:&quot;simple&quot;,&quot;is_single&quot;:false,&quot;in_default_wishlist&quot;:false,&quot;show_view&quot;:false,&quot;browse_wishlist_text&quot;:&quot;Browse wishlist&quot;,&quot;already_in_wishslist_text&quot;:&quot;The product is already in your wishlist!&quot;,&quot;product_added_text&quot;:&quot;Product added!&quot;,&quot;available_multi_wishlist&quot;:false,&quot;disable_wishlist&quot;:false,&quot;show_count&quot;:false,&quot;ajax_loading&quot;:false,&quot;loop_position&quot;:&quot;after_add_to_cart&quot;,&quot;item&quot;:&quot;add_to_wishlist&quot;}\"\n>\n\t<\/div>\n\t<div class=\"woocommerce product compare-button\">\r\n\t\t\t<a\r\n\t\thref=\"https:\/\/technikapcv.pl\/e-sklep?action=yith-woocompare-add-product&#038;id=12499\"\r\n\t\tclass=\"compare button  \"\r\n\t\tdata-product_id=\"12499\"\r\n\t\ttarget=\"_self\"\r\n\t\trel=\"nofollow\"\r\n\t>\r\n\t\t\t\t<span class=\"label\">\r\n\t\t\tPor\u00f3wnaj\t\t<\/span>\r\n\t<\/a>\r\n\r\n\t<\/div><a href=\"#\" class=\"button yith-wcqv-button\" data-product_id=\"12499\">Quick View<\/a>\t\t\t<div class=\"product-block-outer\"><div class=\"product-block-hover\"><\/div><\/div>\r\n\t\t\t<\/div>\r\n\t\t<\/div>\r\n\t<\/div>\r\n<\/li><li class=\"post-12498 product type-product status-publish has-post-thumbnail product_cat-kurtyny-pcv  instock featured taxable shipping-taxable purchasable product-type-simple\">\r\n <span class=\"product-loading\"><\/span>\r\n\t<div class=\"container-inner\">\r\n\t\t<div class=\"product-block-inner\">\r\n\t\t\t<a href=\"https:\/\/technikapcv.pl\/e-sklep\/produkt\/kurtyna-paskowa-pcv-1676x2900x2mm-standard\/\" class=\"woocommerce-LoopProduct-link woocommerce-loop-product__link\">\t\t\t<div class=\"image-block\">\t<a href=\"https:\/\/technikapcv.pl\/e-sklep\/produkt\/kurtyna-paskowa-pcv-1676x2900x2mm-standard\/\">\r\n\t\t\t\t<img loading=\"lazy\" decoding=\"async\" width=\"400\" height=\"381\" src=\"https:\/\/technikapcv.pl\/e-sklep\/wp-content\/uploads\/2025\/02\/szablon-1676x-2900-400x381.png\" class=\"attachment-woocommerce_thumbnail size-woocommerce_thumbnail\" alt=\"Kurtyna paskowa PCV 1676x2900x2mm standard\" \/><img loading=\"lazy\" decoding=\"async\" width=\"400\" height=\"381\" src=\"https:\/\/technikapcv.pl\/e-sklep\/wp-content\/uploads\/2023\/04\/15-duze-1024x768-1-400x381.jpg\" class=\"secondary-image attachment-shop-catalog\" alt=\"\" \/>\t\t\t\t<\/a><\/div><div class=\"product-detail-wrapper\">\r\n\t\t\t\t\r\n\t\t\t<a href=\"https:\/\/technikapcv.pl\/e-sklep\/produkt\/kurtyna-paskowa-pcv-1676x2900x2mm-standard\/\"><h3 class=\"product-name\">Kurtyna paskowa PCV 1676x2900x2mm standard<\/h3><\/a>\r\n\t\t\t<div class=\"star-rating\" title=\"Not yet rated\"><span style=\"width:0%\"><strong class=\"rating\">0<\/strong> out of 5<\/span><\/div>\t\t\t<\/a>\n\t<span class=\"price\"><span class=\"woocommerce-Price-amount amount\">512,72&nbsp;<span class=\"woocommerce-Price-currencySymbol\">&#122;&#322;<\/span><\/span><\/span>\n<a href=\"\/e-sklep\/wp-json\/wp\/v2\/pages\/212?add-to-cart=12498\" aria-describedby=\"woocommerce_loop_add_to_cart_link_describedby_12498\" data-quantity=\"1\" class=\"button product_type_simple add_to_cart_button ajax_add_to_cart\" data-product_id=\"12498\" data-product_sku=\"\" aria-label=\"Dodaj do koszyka: &bdquo;Kurtyna paskowa PCV 1676x2900x2mm standard&rdquo;\" rel=\"nofollow\" data-success_message=\"&ldquo;Kurtyna paskowa PCV 1676x2900x2mm standard&rdquo; zosta\u0142 dodany do twojego koszyka\">Dodaj do koszyka<\/a>\t<span id=\"woocommerce_loop_add_to_cart_link_describedby_12498\" class=\"screen-reader-text\">\n\t\t\t<\/span>\n\n<div\n\tclass=\"yith-wcwl-add-to-wishlist add-to-wishlist-12498 yith-wcwl-add-to-wishlist--link-style wishlist-fragment on-first-load\"\n\tdata-fragment-ref=\"12498\"\n\tdata-fragment-options=\"{&quot;base_url&quot;:&quot;&quot;,&quot;product_id&quot;:12498,&quot;parent_product_id&quot;:0,&quot;product_type&quot;:&quot;simple&quot;,&quot;is_single&quot;:false,&quot;in_default_wishlist&quot;:false,&quot;show_view&quot;:false,&quot;browse_wishlist_text&quot;:&quot;Browse wishlist&quot;,&quot;already_in_wishslist_text&quot;:&quot;The product is already in your wishlist!&quot;,&quot;product_added_text&quot;:&quot;Product added!&quot;,&quot;available_multi_wishlist&quot;:false,&quot;disable_wishlist&quot;:false,&quot;show_count&quot;:false,&quot;ajax_loading&quot;:false,&quot;loop_position&quot;:&quot;after_add_to_cart&quot;,&quot;item&quot;:&quot;add_to_wishlist&quot;}\"\n>\n\t<\/div>\n\t<div class=\"woocommerce product compare-button\">\r\n\t\t\t<a\r\n\t\thref=\"https:\/\/technikapcv.pl\/e-sklep?action=yith-woocompare-add-product&#038;id=12498\"\r\n\t\tclass=\"compare button  \"\r\n\t\tdata-product_id=\"12498\"\r\n\t\ttarget=\"_self\"\r\n\t\trel=\"nofollow\"\r\n\t>\r\n\t\t\t\t<span class=\"label\">\r\n\t\t\tPor\u00f3wnaj\t\t<\/span>\r\n\t<\/a>\r\n\r\n\t<\/div><a href=\"#\" class=\"button yith-wcqv-button\" data-product_id=\"12498\">Quick View<\/a>\t\t\t<div class=\"product-block-outer\"><div class=\"product-block-hover\"><\/div><\/div>\r\n\t\t\t<\/div>\r\n\t\t<\/div>\r\n\t<\/div>\r\n<\/li><li class=\"post-12497 product type-product status-publish has-post-thumbnail product_cat-kurtyny-pcv  instock featured taxable shipping-taxable purchasable product-type-simple\">\r\n <span class=\"product-loading\"><\/span>\r\n\t<div class=\"container-inner\">\r\n\t\t<div class=\"product-block-inner\">\r\n\t\t\t<a href=\"https:\/\/technikapcv.pl\/e-sklep\/produkt\/kurtyna-paskowa-pcv-1676x2800x2mm-standard\/\" class=\"woocommerce-LoopProduct-link woocommerce-loop-product__link\">\t\t\t<div class=\"image-block\">\t<a href=\"https:\/\/technikapcv.pl\/e-sklep\/produkt\/kurtyna-paskowa-pcv-1676x2800x2mm-standard\/\">\r\n\t\t\t\t<img loading=\"lazy\" decoding=\"async\" width=\"400\" height=\"381\" src=\"https:\/\/technikapcv.pl\/e-sklep\/wp-content\/uploads\/2025\/02\/szablon-1676x-2800-400x381.png\" class=\"attachment-woocommerce_thumbnail size-woocommerce_thumbnail\" alt=\"Kurtyna paskowa PCV 1676x2800x2mm standard\" \/><img loading=\"lazy\" decoding=\"async\" width=\"400\" height=\"381\" src=\"https:\/\/technikapcv.pl\/e-sklep\/wp-content\/uploads\/2023\/04\/15-duze-1024x768-1-400x381.jpg\" class=\"secondary-image attachment-shop-catalog\" alt=\"\" \/>\t\t\t\t<\/a><\/div><div class=\"product-detail-wrapper\">\r\n\t\t\t\t\r\n\t\t\t<a href=\"https:\/\/technikapcv.pl\/e-sklep\/produkt\/kurtyna-paskowa-pcv-1676x2800x2mm-standard\/\"><h3 class=\"product-name\">Kurtyna paskowa PCV 1676x2800x2mm standard<\/h3><\/a>\r\n\t\t\t<div class=\"star-rating\" title=\"Not yet rated\"><span style=\"width:0%\"><strong class=\"rating\">0<\/strong> out of 5<\/span><\/div>\t\t\t<\/a>\n\t<span class=\"price\"><span class=\"woocommerce-Price-amount amount\">495,04&nbsp;<span class=\"woocommerce-Price-currencySymbol\">&#122;&#322;<\/span><\/span><\/span>\n<a href=\"\/e-sklep\/wp-json\/wp\/v2\/pages\/212?add-to-cart=12497\" aria-describedby=\"woocommerce_loop_add_to_cart_link_describedby_12497\" data-quantity=\"1\" class=\"button product_type_simple add_to_cart_button ajax_add_to_cart\" data-product_id=\"12497\" data-product_sku=\"\" aria-label=\"Dodaj do koszyka: &bdquo;Kurtyna paskowa PCV 1676x2800x2mm standard&rdquo;\" rel=\"nofollow\" data-success_message=\"&ldquo;Kurtyna paskowa PCV 1676x2800x2mm standard&rdquo; zosta\u0142 dodany do twojego koszyka\">Dodaj do koszyka<\/a>\t<span id=\"woocommerce_loop_add_to_cart_link_describedby_12497\" class=\"screen-reader-text\">\n\t\t\t<\/span>\n\n<div\n\tclass=\"yith-wcwl-add-to-wishlist add-to-wishlist-12497 yith-wcwl-add-to-wishlist--link-style wishlist-fragment on-first-load\"\n\tdata-fragment-ref=\"12497\"\n\tdata-fragment-options=\"{&quot;base_url&quot;:&quot;&quot;,&quot;product_id&quot;:12497,&quot;parent_product_id&quot;:0,&quot;product_type&quot;:&quot;simple&quot;,&quot;is_single&quot;:false,&quot;in_default_wishlist&quot;:false,&quot;show_view&quot;:false,&quot;browse_wishlist_text&quot;:&quot;Browse wishlist&quot;,&quot;already_in_wishslist_text&quot;:&quot;The product is already in your wishlist!&quot;,&quot;product_added_text&quot;:&quot;Product added!&quot;,&quot;available_multi_wishlist&quot;:false,&quot;disable_wishlist&quot;:false,&quot;show_count&quot;:false,&quot;ajax_loading&quot;:false,&quot;loop_position&quot;:&quot;after_add_to_cart&quot;,&quot;item&quot;:&quot;add_to_wishlist&quot;}\"\n>\n\t<\/div>\n\t<div class=\"woocommerce product compare-button\">\r\n\t\t\t<a\r\n\t\thref=\"https:\/\/technikapcv.pl\/e-sklep?action=yith-woocompare-add-product&#038;id=12497\"\r\n\t\tclass=\"compare button  \"\r\n\t\tdata-product_id=\"12497\"\r\n\t\ttarget=\"_self\"\r\n\t\trel=\"nofollow\"\r\n\t>\r\n\t\t\t\t<span class=\"label\">\r\n\t\t\tPor\u00f3wnaj\t\t<\/span>\r\n\t<\/a>\r\n\r\n\t<\/div><a href=\"#\" class=\"button yith-wcqv-button\" data-product_id=\"12497\">Quick View<\/a>\t\t\t<div class=\"product-block-outer\"><div class=\"product-block-hover\"><\/div><\/div>\r\n\t\t\t<\/div>\r\n\t\t<\/div>\r\n\t<\/div>\r\n<\/li><li class=\"post-12496 product type-product status-publish has-post-thumbnail product_cat-kurtyny-pcv last instock featured taxable shipping-taxable purchasable product-type-simple\">\r\n <span class=\"product-loading\"><\/span>\r\n\t<div class=\"container-inner\">\r\n\t\t<div class=\"product-block-inner\">\r\n\t\t\t<a href=\"https:\/\/technikapcv.pl\/e-sklep\/produkt\/kurtyna-paskowa-pcv-1676x2700x2mm-standard\/\" class=\"woocommerce-LoopProduct-link woocommerce-loop-product__link\">\t\t\t<div class=\"image-block\">\t<a href=\"https:\/\/technikapcv.pl\/e-sklep\/produkt\/kurtyna-paskowa-pcv-1676x2700x2mm-standard\/\">\r\n\t\t\t\t<img loading=\"lazy\" decoding=\"async\" width=\"400\" height=\"381\" src=\"https:\/\/technikapcv.pl\/e-sklep\/wp-content\/uploads\/2025\/02\/szablon-1676x-2700-400x381.png\" class=\"attachment-woocommerce_thumbnail size-woocommerce_thumbnail\" alt=\"Kurtyna paskowa PCV 1676x2700x2mm standard\" \/><img loading=\"lazy\" decoding=\"async\" width=\"400\" height=\"381\" src=\"https:\/\/technikapcv.pl\/e-sklep\/wp-content\/uploads\/2023\/04\/15-duze-1024x768-1-400x381.jpg\" class=\"secondary-image attachment-shop-catalog\" alt=\"\" \/>\t\t\t\t<\/a><\/div><div class=\"product-detail-wrapper\">\r\n\t\t\t\t\r\n\t\t\t<a href=\"https:\/\/technikapcv.pl\/e-sklep\/produkt\/kurtyna-paskowa-pcv-1676x2700x2mm-standard\/\"><h3 class=\"product-name\">Kurtyna paskowa PCV 1676x2700x2mm standard<\/h3><\/a>\r\n\t\t\t<div class=\"star-rating\" title=\"Not yet rated\"><span style=\"width:0%\"><strong class=\"rating\">0<\/strong> out of 5<\/span><\/div>\t\t\t<\/a>\n\t<span class=\"price\"><span class=\"woocommerce-Price-amount amount\">477,36&nbsp;<span class=\"woocommerce-Price-currencySymbol\">&#122;&#322;<\/span><\/span><\/span>\n<a href=\"\/e-sklep\/wp-json\/wp\/v2\/pages\/212?add-to-cart=12496\" aria-describedby=\"woocommerce_loop_add_to_cart_link_describedby_12496\" data-quantity=\"1\" class=\"button product_type_simple add_to_cart_button ajax_add_to_cart\" data-product_id=\"12496\" data-product_sku=\"\" aria-label=\"Dodaj do koszyka: &bdquo;Kurtyna paskowa PCV 1676x2700x2mm standard&rdquo;\" rel=\"nofollow\" data-success_message=\"&ldquo;Kurtyna paskowa PCV 1676x2700x2mm standard&rdquo; zosta\u0142 dodany do twojego koszyka\">Dodaj do koszyka<\/a>\t<span id=\"woocommerce_loop_add_to_cart_link_describedby_12496\" class=\"screen-reader-text\">\n\t\t\t<\/span>\n\n<div\n\tclass=\"yith-wcwl-add-to-wishlist add-to-wishlist-12496 yith-wcwl-add-to-wishlist--link-style wishlist-fragment on-first-load\"\n\tdata-fragment-ref=\"12496\"\n\tdata-fragment-options=\"{&quot;base_url&quot;:&quot;&quot;,&quot;product_id&quot;:12496,&quot;parent_product_id&quot;:0,&quot;product_type&quot;:&quot;simple&quot;,&quot;is_single&quot;:false,&quot;in_default_wishlist&quot;:false,&quot;show_view&quot;:false,&quot;browse_wishlist_text&quot;:&quot;Browse wishlist&quot;,&quot;already_in_wishslist_text&quot;:&quot;The product is already in your wishlist!&quot;,&quot;product_added_text&quot;:&quot;Product added!&quot;,&quot;available_multi_wishlist&quot;:false,&quot;disable_wishlist&quot;:false,&quot;show_count&quot;:false,&quot;ajax_loading&quot;:false,&quot;loop_position&quot;:&quot;after_add_to_cart&quot;,&quot;item&quot;:&quot;add_to_wishlist&quot;}\"\n>\n\t<\/div>\n\t<div class=\"woocommerce product compare-button\">\r\n\t\t\t<a\r\n\t\thref=\"https:\/\/technikapcv.pl\/e-sklep?action=yith-woocompare-add-product&#038;id=12496\"\r\n\t\tclass=\"compare button  \"\r\n\t\tdata-product_id=\"12496\"\r\n\t\ttarget=\"_self\"\r\n\t\trel=\"nofollow\"\r\n\t>\r\n\t\t\t\t<span class=\"label\">\r\n\t\t\tPor\u00f3wnaj\t\t<\/span>\r\n\t<\/a>\r\n\r\n\t<\/div><a href=\"#\" class=\"button yith-wcqv-button\" data-product_id=\"12496\">Quick View<\/a>\t\t\t<div class=\"product-block-outer\"><div class=\"product-block-hover\"><\/div><\/div>\r\n\t\t\t<\/div>\r\n\t\t<\/div>\r\n\t<\/div>\r\n<\/li><li class=\"post-12495 product type-product status-publish has-post-thumbnail product_cat-kurtyny-pcv first instock featured taxable shipping-taxable purchasable product-type-simple\">\r\n <span class=\"product-loading\"><\/span>\r\n\t<div class=\"container-inner\">\r\n\t\t<div class=\"product-block-inner\">\r\n\t\t\t<a href=\"https:\/\/technikapcv.pl\/e-sklep\/produkt\/kurtyna-paskowa-pcv-1676x2600x2mm-standard\/\" class=\"woocommerce-LoopProduct-link woocommerce-loop-product__link\">\t\t\t<div class=\"image-block\">\t<a href=\"https:\/\/technikapcv.pl\/e-sklep\/produkt\/kurtyna-paskowa-pcv-1676x2600x2mm-standard\/\">\r\n\t\t\t\t<img loading=\"lazy\" decoding=\"async\" width=\"400\" height=\"381\" src=\"https:\/\/technikapcv.pl\/e-sklep\/wp-content\/uploads\/2025\/02\/szablon-1676x-2600-1-400x381.png\" class=\"attachment-woocommerce_thumbnail size-woocommerce_thumbnail\" alt=\"Kurtyna paskowa PCV 1676x2600x2mm standard\" \/><img loading=\"lazy\" decoding=\"async\" width=\"400\" height=\"381\" src=\"https:\/\/technikapcv.pl\/e-sklep\/wp-content\/uploads\/2023\/04\/15-duze-1024x768-1-400x381.jpg\" class=\"secondary-image attachment-shop-catalog\" alt=\"\" \/>\t\t\t\t<\/a><\/div><div class=\"product-detail-wrapper\">\r\n\t\t\t\t\r\n\t\t\t<a href=\"https:\/\/technikapcv.pl\/e-sklep\/produkt\/kurtyna-paskowa-pcv-1676x2600x2mm-standard\/\"><h3 class=\"product-name\">Kurtyna paskowa PCV 1676x2600x2mm standard<\/h3><\/a>\r\n\t\t\t<div class=\"star-rating\" title=\"Not yet rated\"><span style=\"width:0%\"><strong class=\"rating\">0<\/strong> out of 5<\/span><\/div>\t\t\t<\/a>\n\t<span class=\"price\"><span class=\"woocommerce-Price-amount amount\">459,68&nbsp;<span class=\"woocommerce-Price-currencySymbol\">&#122;&#322;<\/span><\/span><\/span>\n<a href=\"\/e-sklep\/wp-json\/wp\/v2\/pages\/212?add-to-cart=12495\" aria-describedby=\"woocommerce_loop_add_to_cart_link_describedby_12495\" data-quantity=\"1\" class=\"button product_type_simple add_to_cart_button ajax_add_to_cart\" data-product_id=\"12495\" data-product_sku=\"\" aria-label=\"Dodaj do koszyka: &bdquo;Kurtyna paskowa PCV 1676x2600x2mm standard&rdquo;\" rel=\"nofollow\" data-success_message=\"&ldquo;Kurtyna paskowa PCV 1676x2600x2mm standard&rdquo; zosta\u0142 dodany do twojego koszyka\">Dodaj do koszyka<\/a>\t<span id=\"woocommerce_loop_add_to_cart_link_describedby_12495\" class=\"screen-reader-text\">\n\t\t\t<\/span>\n\n<div\n\tclass=\"yith-wcwl-add-to-wishlist add-to-wishlist-12495 yith-wcwl-add-to-wishlist--link-style wishlist-fragment on-first-load\"\n\tdata-fragment-ref=\"12495\"\n\tdata-fragment-options=\"{&quot;base_url&quot;:&quot;&quot;,&quot;product_id&quot;:12495,&quot;parent_product_id&quot;:0,&quot;product_type&quot;:&quot;simple&quot;,&quot;is_single&quot;:false,&quot;in_default_wishlist&quot;:false,&quot;show_view&quot;:false,&quot;browse_wishlist_text&quot;:&quot;Browse wishlist&quot;,&quot;already_in_wishslist_text&quot;:&quot;The product is already in your wishlist!&quot;,&quot;product_added_text&quot;:&quot;Product added!&quot;,&quot;available_multi_wishlist&quot;:false,&quot;disable_wishlist&quot;:false,&quot;show_count&quot;:false,&quot;ajax_loading&quot;:false,&quot;loop_position&quot;:&quot;after_add_to_cart&quot;,&quot;item&quot;:&quot;add_to_wishlist&quot;}\"\n>\n\t<\/div>\n\t<div class=\"woocommerce product compare-button\">\r\n\t\t\t<a\r\n\t\thref=\"https:\/\/technikapcv.pl\/e-sklep?action=yith-woocompare-add-product&#038;id=12495\"\r\n\t\tclass=\"compare button  \"\r\n\t\tdata-product_id=\"12495\"\r\n\t\ttarget=\"_self\"\r\n\t\trel=\"nofollow\"\r\n\t>\r\n\t\t\t\t<span class=\"label\">\r\n\t\t\tPor\u00f3wnaj\t\t<\/span>\r\n\t<\/a>\r\n\r\n\t<\/div><a href=\"#\" class=\"button yith-wcqv-button\" data-product_id=\"12495\">Quick View<\/a>\t\t\t<div class=\"product-block-outer\"><div class=\"product-block-hover\"><\/div><\/div>\r\n\t\t\t<\/div>\r\n\t\t<\/div>\r\n\t<\/div>\r\n<\/li><li class=\"post-12494 product type-product status-publish has-post-thumbnail product_cat-kurtyny-pcv  instock featured taxable shipping-taxable purchasable product-type-simple\">\r\n <span class=\"product-loading\"><\/span>\r\n\t<div class=\"container-inner\">\r\n\t\t<div class=\"product-block-inner\">\r\n\t\t\t<a href=\"https:\/\/technikapcv.pl\/e-sklep\/produkt\/kurtyna-paskowa-pcv-1676x2500x2mm-standard\/\" class=\"woocommerce-LoopProduct-link woocommerce-loop-product__link\">\t\t\t<div class=\"image-block\">\t<a href=\"https:\/\/technikapcv.pl\/e-sklep\/produkt\/kurtyna-paskowa-pcv-1676x2500x2mm-standard\/\">\r\n\t\t\t\t<img loading=\"lazy\" decoding=\"async\" width=\"400\" height=\"381\" src=\"https:\/\/technikapcv.pl\/e-sklep\/wp-content\/uploads\/2025\/02\/szablon-1676x-2500-3-400x381.png\" class=\"attachment-woocommerce_thumbnail size-woocommerce_thumbnail\" alt=\"Kurtyna paskowa PCV 1676x2500x2mm standard\" \/><img loading=\"lazy\" decoding=\"async\" width=\"400\" height=\"381\" src=\"https:\/\/technikapcv.pl\/e-sklep\/wp-content\/uploads\/2023\/04\/15-duze-1024x768-1-400x381.jpg\" class=\"secondary-image attachment-shop-catalog\" alt=\"\" \/>\t\t\t\t<\/a><\/div><div class=\"product-detail-wrapper\">\r\n\t\t\t\t\r\n\t\t\t<a href=\"https:\/\/technikapcv.pl\/e-sklep\/produkt\/kurtyna-paskowa-pcv-1676x2500x2mm-standard\/\"><h3 class=\"product-name\">Kurtyna paskowa PCV 1676x2500x2mm standard<\/h3><\/a>\r\n\t\t\t<div class=\"star-rating\" title=\"Not yet rated\"><span style=\"width:0%\"><strong class=\"rating\">0<\/strong> out of 5<\/span><\/div>\t\t\t<\/a>\n\t<span class=\"price\"><span class=\"woocommerce-Price-amount amount\">442,00&nbsp;<span class=\"woocommerce-Price-currencySymbol\">&#122;&#322;<\/span><\/span><\/span>\n<a href=\"\/e-sklep\/wp-json\/wp\/v2\/pages\/212?add-to-cart=12494\" aria-describedby=\"woocommerce_loop_add_to_cart_link_describedby_12494\" data-quantity=\"1\" class=\"button product_type_simple add_to_cart_button ajax_add_to_cart\" data-product_id=\"12494\" data-product_sku=\"\" aria-label=\"Dodaj do koszyka: &bdquo;Kurtyna paskowa PCV 1676x2500x2mm standard&rdquo;\" rel=\"nofollow\" data-success_message=\"&ldquo;Kurtyna paskowa PCV 1676x2500x2mm standard&rdquo; zosta\u0142 dodany do twojego koszyka\">Dodaj do koszyka<\/a>\t<span id=\"woocommerce_loop_add_to_cart_link_describedby_12494\" class=\"screen-reader-text\">\n\t\t\t<\/span>\n\n<div\n\tclass=\"yith-wcwl-add-to-wishlist add-to-wishlist-12494 yith-wcwl-add-to-wishlist--link-style wishlist-fragment on-first-load\"\n\tdata-fragment-ref=\"12494\"\n\tdata-fragment-options=\"{&quot;base_url&quot;:&quot;&quot;,&quot;product_id&quot;:12494,&quot;parent_product_id&quot;:0,&quot;product_type&quot;:&quot;simple&quot;,&quot;is_single&quot;:false,&quot;in_default_wishlist&quot;:false,&quot;show_view&quot;:false,&quot;browse_wishlist_text&quot;:&quot;Browse wishlist&quot;,&quot;already_in_wishslist_text&quot;:&quot;The product is already in your wishlist!&quot;,&quot;product_added_text&quot;:&quot;Product added!&quot;,&quot;available_multi_wishlist&quot;:false,&quot;disable_wishlist&quot;:false,&quot;show_count&quot;:false,&quot;ajax_loading&quot;:false,&quot;loop_position&quot;:&quot;after_add_to_cart&quot;,&quot;item&quot;:&quot;add_to_wishlist&quot;}\"\n>\n\t<\/div>\n\t<div class=\"woocommerce product compare-button\">\r\n\t\t\t<a\r\n\t\thref=\"https:\/\/technikapcv.pl\/e-sklep?action=yith-woocompare-add-product&#038;id=12494\"\r\n\t\tclass=\"compare button  \"\r\n\t\tdata-product_id=\"12494\"\r\n\t\ttarget=\"_self\"\r\n\t\trel=\"nofollow\"\r\n\t>\r\n\t\t\t\t<span class=\"label\">\r\n\t\t\tPor\u00f3wnaj\t\t<\/span>\r\n\t<\/a>\r\n\r\n\t<\/div><a href=\"#\" class=\"button yith-wcqv-button\" data-product_id=\"12494\">Quick View<\/a>\t\t\t<div class=\"product-block-outer\"><div class=\"product-block-hover\"><\/div><\/div>\r\n\t\t\t<\/div>\r\n\t\t<\/div>\r\n\t<\/div>\r\n<\/li><li class=\"post-12493 product type-product status-publish has-post-thumbnail product_cat-kurtyny-pcv  instock featured taxable shipping-taxable purchasable product-type-simple\">\r\n <span class=\"product-loading\"><\/span>\r\n\t<div class=\"container-inner\">\r\n\t\t<div class=\"product-block-inner\">\r\n\t\t\t<a href=\"https:\/\/technikapcv.pl\/e-sklep\/produkt\/kurtyna-paskowa-pcv-1676x2400x2mm-standard\/\" class=\"woocommerce-LoopProduct-link woocommerce-loop-product__link\">\t\t\t<div class=\"image-block\">\t<a href=\"https:\/\/technikapcv.pl\/e-sklep\/produkt\/kurtyna-paskowa-pcv-1676x2400x2mm-standard\/\">\r\n\t\t\t\t<img loading=\"lazy\" decoding=\"async\" width=\"400\" height=\"381\" src=\"https:\/\/technikapcv.pl\/e-sklep\/wp-content\/uploads\/2025\/02\/szablon-1676x-2400-400x381.png\" class=\"attachment-woocommerce_thumbnail size-woocommerce_thumbnail\" alt=\"Kurtyna paskowa PCV 1676x2400x2mm standard\" \/><img loading=\"lazy\" decoding=\"async\" width=\"400\" height=\"381\" src=\"https:\/\/technikapcv.pl\/e-sklep\/wp-content\/uploads\/2023\/04\/15-duze-1024x768-1-400x381.jpg\" class=\"secondary-image attachment-shop-catalog\" alt=\"\" \/>\t\t\t\t<\/a><\/div><div class=\"product-detail-wrapper\">\r\n\t\t\t\t\r\n\t\t\t<a href=\"https:\/\/technikapcv.pl\/e-sklep\/produkt\/kurtyna-paskowa-pcv-1676x2400x2mm-standard\/\"><h3 class=\"product-name\">Kurtyna paskowa PCV 1676x2400x2mm standard<\/h3><\/a>\r\n\t\t\t<div class=\"star-rating\" title=\"Not yet rated\"><span style=\"width:0%\"><strong class=\"rating\">0<\/strong> out of 5<\/span><\/div>\t\t\t<\/a>\n\t<span class=\"price\"><span class=\"woocommerce-Price-amount amount\">424,32&nbsp;<span class=\"woocommerce-Price-currencySymbol\">&#122;&#322;<\/span><\/span><\/span>\n<a href=\"\/e-sklep\/wp-json\/wp\/v2\/pages\/212?add-to-cart=12493\" aria-describedby=\"woocommerce_loop_add_to_cart_link_describedby_12493\" data-quantity=\"1\" class=\"button product_type_simple add_to_cart_button ajax_add_to_cart\" data-product_id=\"12493\" data-product_sku=\"\" aria-label=\"Dodaj do koszyka: &bdquo;Kurtyna paskowa PCV 1676x2400x2mm standard&rdquo;\" rel=\"nofollow\" data-success_message=\"&ldquo;Kurtyna paskowa PCV 1676x2400x2mm standard&rdquo; zosta\u0142 dodany do twojego koszyka\">Dodaj do koszyka<\/a>\t<span id=\"woocommerce_loop_add_to_cart_link_describedby_12493\" class=\"screen-reader-text\">\n\t\t\t<\/span>\n\n<div\n\tclass=\"yith-wcwl-add-to-wishlist add-to-wishlist-12493 yith-wcwl-add-to-wishlist--link-style wishlist-fragment on-first-load\"\n\tdata-fragment-ref=\"12493\"\n\tdata-fragment-options=\"{&quot;base_url&quot;:&quot;&quot;,&quot;product_id&quot;:12493,&quot;parent_product_id&quot;:0,&quot;product_type&quot;:&quot;simple&quot;,&quot;is_single&quot;:false,&quot;in_default_wishlist&quot;:false,&quot;show_view&quot;:false,&quot;browse_wishlist_text&quot;:&quot;Browse wishlist&quot;,&quot;already_in_wishslist_text&quot;:&quot;The product is already in your wishlist!&quot;,&quot;product_added_text&quot;:&quot;Product added!&quot;,&quot;available_multi_wishlist&quot;:false,&quot;disable_wishlist&quot;:false,&quot;show_count&quot;:false,&quot;ajax_loading&quot;:false,&quot;loop_position&quot;:&quot;after_add_to_cart&quot;,&quot;item&quot;:&quot;add_to_wishlist&quot;}\"\n>\n\t<\/div>\n\t<div class=\"woocommerce product compare-button\">\r\n\t\t\t<a\r\n\t\thref=\"https:\/\/technikapcv.pl\/e-sklep?action=yith-woocompare-add-product&#038;id=12493\"\r\n\t\tclass=\"compare button  \"\r\n\t\tdata-product_id=\"12493\"\r\n\t\ttarget=\"_self\"\r\n\t\trel=\"nofollow\"\r\n\t>\r\n\t\t\t\t<span class=\"label\">\r\n\t\t\tPor\u00f3wnaj\t\t<\/span>\r\n\t<\/a>\r\n\r\n\t<\/div><a href=\"#\" class=\"button yith-wcqv-button\" data-product_id=\"12493\">Quick View<\/a>\t\t\t<div class=\"product-block-outer\"><div class=\"product-block-hover\"><\/div><\/div>\r\n\t\t\t<\/div>\r\n\t\t<\/div>\r\n\t<\/div>\r\n<\/li><li class=\"post-12492 product type-product status-publish has-post-thumbnail product_cat-kurtyny-pcv last instock featured taxable shipping-taxable purchasable product-type-simple\">\r\n <span class=\"product-loading\"><\/span>\r\n\t<div class=\"container-inner\">\r\n\t\t<div class=\"product-block-inner\">\r\n\t\t\t<a href=\"https:\/\/technikapcv.pl\/e-sklep\/produkt\/kurtyna-paskowa-pcv-1676x2300x2mm-standard\/\" class=\"woocommerce-LoopProduct-link woocommerce-loop-product__link\">\t\t\t<div class=\"image-block\">\t<a href=\"https:\/\/technikapcv.pl\/e-sklep\/produkt\/kurtyna-paskowa-pcv-1676x2300x2mm-standard\/\">\r\n\t\t\t\t<img loading=\"lazy\" decoding=\"async\" width=\"400\" height=\"381\" src=\"https:\/\/technikapcv.pl\/e-sklep\/wp-content\/uploads\/2025\/02\/szablon-1676x-2300-400x381.png\" class=\"attachment-woocommerce_thumbnail size-woocommerce_thumbnail\" alt=\"Kurtyna paskowa PCV 1676x2300x2mm standard\" \/><img loading=\"lazy\" decoding=\"async\" width=\"400\" height=\"381\" src=\"https:\/\/technikapcv.pl\/e-sklep\/wp-content\/uploads\/2023\/04\/15-duze-1024x768-1-400x381.jpg\" class=\"secondary-image attachment-shop-catalog\" alt=\"\" \/>\t\t\t\t<\/a><\/div><div class=\"product-detail-wrapper\">\r\n\t\t\t\t\r\n\t\t\t<a href=\"https:\/\/technikapcv.pl\/e-sklep\/produkt\/kurtyna-paskowa-pcv-1676x2300x2mm-standard\/\"><h3 class=\"product-name\">Kurtyna paskowa PCV 1676x2300x2mm standard<\/h3><\/a>\r\n\t\t\t<div class=\"star-rating\" title=\"Not yet rated\"><span style=\"width:0%\"><strong class=\"rating\">0<\/strong> out of 5<\/span><\/div>\t\t\t<\/a>\n\t<span class=\"price\"><span class=\"woocommerce-Price-amount amount\">406,64&nbsp;<span class=\"woocommerce-Price-currencySymbol\">&#122;&#322;<\/span><\/span><\/span>\n<a href=\"\/e-sklep\/wp-json\/wp\/v2\/pages\/212?add-to-cart=12492\" aria-describedby=\"woocommerce_loop_add_to_cart_link_describedby_12492\" data-quantity=\"1\" class=\"button product_type_simple add_to_cart_button ajax_add_to_cart\" data-product_id=\"12492\" data-product_sku=\"\" aria-label=\"Dodaj do koszyka: &bdquo;Kurtyna paskowa PCV 1676x2300x2mm standard&rdquo;\" rel=\"nofollow\" data-success_message=\"&ldquo;Kurtyna paskowa PCV 1676x2300x2mm standard&rdquo; zosta\u0142 dodany do twojego koszyka\">Dodaj do koszyka<\/a>\t<span id=\"woocommerce_loop_add_to_cart_link_describedby_12492\" class=\"screen-reader-text\">\n\t\t\t<\/span>\n\n<div\n\tclass=\"yith-wcwl-add-to-wishlist add-to-wishlist-12492 yith-wcwl-add-to-wishlist--link-style wishlist-fragment on-first-load\"\n\tdata-fragment-ref=\"12492\"\n\tdata-fragment-options=\"{&quot;base_url&quot;:&quot;&quot;,&quot;product_id&quot;:12492,&quot;parent_product_id&quot;:0,&quot;product_type&quot;:&quot;simple&quot;,&quot;is_single&quot;:false,&quot;in_default_wishlist&quot;:false,&quot;show_view&quot;:false,&quot;browse_wishlist_text&quot;:&quot;Browse wishlist&quot;,&quot;already_in_wishslist_text&quot;:&quot;The product is already in your wishlist!&quot;,&quot;product_added_text&quot;:&quot;Product added!&quot;,&quot;available_multi_wishlist&quot;:false,&quot;disable_wishlist&quot;:false,&quot;show_count&quot;:false,&quot;ajax_loading&quot;:false,&quot;loop_position&quot;:&quot;after_add_to_cart&quot;,&quot;item&quot;:&quot;add_to_wishlist&quot;}\"\n>\n\t<\/div>\n\t<div class=\"woocommerce product compare-button\">\r\n\t\t\t<a\r\n\t\thref=\"https:\/\/technikapcv.pl\/e-sklep?action=yith-woocompare-add-product&#038;id=12492\"\r\n\t\tclass=\"compare button  \"\r\n\t\tdata-product_id=\"12492\"\r\n\t\ttarget=\"_self\"\r\n\t\trel=\"nofollow\"\r\n\t>\r\n\t\t\t\t<span class=\"label\">\r\n\t\t\tPor\u00f3wnaj\t\t<\/span>\r\n\t<\/a>\r\n\r\n\t<\/div><a href=\"#\" class=\"button yith-wcqv-button\" data-product_id=\"12492\">Quick View<\/a>\t\t\t<div class=\"product-block-outer\"><div class=\"product-block-hover\"><\/div><\/div>\r\n\t\t\t<\/div>\r\n\t\t<\/div>\r\n\t<\/div>\r\n<\/li><li class=\"post-12491 product type-product status-publish has-post-thumbnail product_cat-kurtyny-pcv first instock featured taxable shipping-taxable purchasable product-type-simple\">\r\n <span class=\"product-loading\"><\/span>\r\n\t<div class=\"container-inner\">\r\n\t\t<div class=\"product-block-inner\">\r\n\t\t\t<a href=\"https:\/\/technikapcv.pl\/e-sklep\/produkt\/kurtyna-paskowa-pcv-1676x2200x2mm-standard\/\" class=\"woocommerce-LoopProduct-link woocommerce-loop-product__link\">\t\t\t<div class=\"image-block\">\t<a href=\"https:\/\/technikapcv.pl\/e-sklep\/produkt\/kurtyna-paskowa-pcv-1676x2200x2mm-standard\/\">\r\n\t\t\t\t<img loading=\"lazy\" decoding=\"async\" width=\"400\" height=\"381\" src=\"https:\/\/technikapcv.pl\/e-sklep\/wp-content\/uploads\/2025\/02\/szablon-1676x-2200-400x381.png\" class=\"attachment-woocommerce_thumbnail size-woocommerce_thumbnail\" alt=\"Kurtyna paskowa PCV 1676x2200x2mm standard\" \/><img loading=\"lazy\" decoding=\"async\" width=\"400\" height=\"381\" src=\"https:\/\/technikapcv.pl\/e-sklep\/wp-content\/uploads\/2023\/04\/15-duze-1024x768-1-400x381.jpg\" class=\"secondary-image attachment-shop-catalog\" alt=\"\" \/>\t\t\t\t<\/a><\/div><div class=\"product-detail-wrapper\">\r\n\t\t\t\t\r\n\t\t\t<a href=\"https:\/\/technikapcv.pl\/e-sklep\/produkt\/kurtyna-paskowa-pcv-1676x2200x2mm-standard\/\"><h3 class=\"product-name\">Kurtyna paskowa PCV 1676x2200x2mm standard<\/h3><\/a>\r\n\t\t\t<div class=\"star-rating\" title=\"Not yet rated\"><span style=\"width:0%\"><strong class=\"rating\">0<\/strong> out of 5<\/span><\/div>\t\t\t<\/a>\n\t<span class=\"price\"><span class=\"woocommerce-Price-amount amount\">388,96&nbsp;<span class=\"woocommerce-Price-currencySymbol\">&#122;&#322;<\/span><\/span><\/span>\n<a href=\"\/e-sklep\/wp-json\/wp\/v2\/pages\/212?add-to-cart=12491\" aria-describedby=\"woocommerce_loop_add_to_cart_link_describedby_12491\" data-quantity=\"1\" class=\"button product_type_simple add_to_cart_button ajax_add_to_cart\" data-product_id=\"12491\" data-product_sku=\"\" aria-label=\"Dodaj do koszyka: &bdquo;Kurtyna paskowa PCV 1676x2200x2mm standard&rdquo;\" rel=\"nofollow\" data-success_message=\"&ldquo;Kurtyna paskowa PCV 1676x2200x2mm standard&rdquo; zosta\u0142 dodany do twojego koszyka\">Dodaj do koszyka<\/a>\t<span id=\"woocommerce_loop_add_to_cart_link_describedby_12491\" class=\"screen-reader-text\">\n\t\t\t<\/span>\n\n<div\n\tclass=\"yith-wcwl-add-to-wishlist add-to-wishlist-12491 yith-wcwl-add-to-wishlist--link-style wishlist-fragment on-first-load\"\n\tdata-fragment-ref=\"12491\"\n\tdata-fragment-options=\"{&quot;base_url&quot;:&quot;&quot;,&quot;product_id&quot;:12491,&quot;parent_product_id&quot;:0,&quot;product_type&quot;:&quot;simple&quot;,&quot;is_single&quot;:false,&quot;in_default_wishlist&quot;:false,&quot;show_view&quot;:false,&quot;browse_wishlist_text&quot;:&quot;Browse wishlist&quot;,&quot;already_in_wishslist_text&quot;:&quot;The product is already in your wishlist!&quot;,&quot;product_added_text&quot;:&quot;Product added!&quot;,&quot;available_multi_wishlist&quot;:false,&quot;disable_wishlist&quot;:false,&quot;show_count&quot;:false,&quot;ajax_loading&quot;:false,&quot;loop_position&quot;:&quot;after_add_to_cart&quot;,&quot;item&quot;:&quot;add_to_wishlist&quot;}\"\n>\n\t<\/div>\n\t<div class=\"woocommerce product compare-button\">\r\n\t\t\t<a\r\n\t\thref=\"https:\/\/technikapcv.pl\/e-sklep?action=yith-woocompare-add-product&#038;id=12491\"\r\n\t\tclass=\"compare button  \"\r\n\t\tdata-product_id=\"12491\"\r\n\t\ttarget=\"_self\"\r\n\t\trel=\"nofollow\"\r\n\t>\r\n\t\t\t\t<span class=\"label\">\r\n\t\t\tPor\u00f3wnaj\t\t<\/span>\r\n\t<\/a>\r\n\r\n\t<\/div><a href=\"#\" class=\"button yith-wcqv-button\" data-product_id=\"12491\">Quick View<\/a>\t\t\t<div class=\"product-block-outer\"><div class=\"product-block-hover\"><\/div><\/div>\r\n\t\t\t<\/div>\r\n\t\t<\/div>\r\n\t<\/div>\r\n<\/li><\/ul>\n<\/div><\/div><\/div><div id=\"woo-products\" class=\"woo-content products_block shop woonew\"><div id=\"4_woo_carousel\" class=\"woo-carousel cols-4\"><div class=\"woocommerce columns-4 \">\t<ul class=\"products\" >\r\n<li class=\"post-12499 product type-product status-publish has-post-thumbnail product_cat-kurtyny-pcv first instock featured taxable shipping-taxable purchasable product-type-simple\">\r\n <span class=\"product-loading\"><\/span>\r\n\t<div class=\"container-inner\">\r\n\t\t<div class=\"product-block-inner\">\r\n\t\t\t<a href=\"https:\/\/technikapcv.pl\/e-sklep\/produkt\/kurtyna-paskowa-pcv-1676x3000x2mm-standard\/\" class=\"woocommerce-LoopProduct-link woocommerce-loop-product__link\">\t\t\t<div class=\"image-block\">\t<a href=\"https:\/\/technikapcv.pl\/e-sklep\/produkt\/kurtyna-paskowa-pcv-1676x3000x2mm-standard\/\">\r\n\t\t\t\t<img loading=\"lazy\" decoding=\"async\" width=\"400\" height=\"381\" src=\"https:\/\/technikapcv.pl\/e-sklep\/wp-content\/uploads\/2025\/02\/szablon-1676x-3000-1-400x381.png\" class=\"attachment-woocommerce_thumbnail size-woocommerce_thumbnail\" alt=\"Kurtyna paskowa PCV 1676x3000x2mm standard\" \/><img loading=\"lazy\" decoding=\"async\" width=\"400\" height=\"381\" src=\"https:\/\/technikapcv.pl\/e-sklep\/wp-content\/uploads\/2023\/04\/15-duze-1024x768-1-400x381.jpg\" class=\"secondary-image attachment-shop-catalog\" alt=\"\" \/>\t\t\t\t<\/a><\/div><div class=\"product-detail-wrapper\">\r\n\t\t\t\t\r\n\t\t\t<a href=\"https:\/\/technikapcv.pl\/e-sklep\/produkt\/kurtyna-paskowa-pcv-1676x3000x2mm-standard\/\"><h3 class=\"product-name\">Kurtyna paskowa PCV 1676x3000x2mm standard<\/h3><\/a>\r\n\t\t\t<div class=\"star-rating\" title=\"Not yet rated\"><span style=\"width:0%\"><strong class=\"rating\">0<\/strong> out of 5<\/span><\/div>\t\t\t<\/a>\n\t<span class=\"price\"><span class=\"woocommerce-Price-amount amount\">530,40&nbsp;<span class=\"woocommerce-Price-currencySymbol\">&#122;&#322;<\/span><\/span><\/span>\n<a href=\"\/e-sklep\/wp-json\/wp\/v2\/pages\/212?add-to-cart=12499\" aria-describedby=\"woocommerce_loop_add_to_cart_link_describedby_12499\" data-quantity=\"1\" class=\"button product_type_simple add_to_cart_button ajax_add_to_cart\" data-product_id=\"12499\" data-product_sku=\"\" aria-label=\"Dodaj do koszyka: &bdquo;Kurtyna paskowa PCV 1676x3000x2mm standard&rdquo;\" rel=\"nofollow\" data-success_message=\"&ldquo;Kurtyna paskowa PCV 1676x3000x2mm standard&rdquo; zosta\u0142 dodany do twojego koszyka\">Dodaj do koszyka<\/a>\t<span id=\"woocommerce_loop_add_to_cart_link_describedby_12499\" class=\"screen-reader-text\">\n\t\t\t<\/span>\n\n<div\n\tclass=\"yith-wcwl-add-to-wishlist add-to-wishlist-12499 yith-wcwl-add-to-wishlist--link-style wishlist-fragment on-first-load\"\n\tdata-fragment-ref=\"12499\"\n\tdata-fragment-options=\"{&quot;base_url&quot;:&quot;&quot;,&quot;product_id&quot;:12499,&quot;parent_product_id&quot;:0,&quot;product_type&quot;:&quot;simple&quot;,&quot;is_single&quot;:false,&quot;in_default_wishlist&quot;:false,&quot;show_view&quot;:false,&quot;browse_wishlist_text&quot;:&quot;Browse wishlist&quot;,&quot;already_in_wishslist_text&quot;:&quot;The product is already in your wishlist!&quot;,&quot;product_added_text&quot;:&quot;Product added!&quot;,&quot;available_multi_wishlist&quot;:false,&quot;disable_wishlist&quot;:false,&quot;show_count&quot;:false,&quot;ajax_loading&quot;:false,&quot;loop_position&quot;:&quot;after_add_to_cart&quot;,&quot;item&quot;:&quot;add_to_wishlist&quot;}\"\n>\n\t<\/div>\n\t<div class=\"woocommerce product compare-button\">\r\n\t\t\t<a\r\n\t\thref=\"https:\/\/technikapcv.pl\/e-sklep?action=yith-woocompare-add-product&#038;id=12499\"\r\n\t\tclass=\"compare button  \"\r\n\t\tdata-product_id=\"12499\"\r\n\t\ttarget=\"_self\"\r\n\t\trel=\"nofollow\"\r\n\t>\r\n\t\t\t\t<span class=\"label\">\r\n\t\t\tPor\u00f3wnaj\t\t<\/span>\r\n\t<\/a>\r\n\r\n\t<\/div><a href=\"#\" class=\"button yith-wcqv-button\" data-product_id=\"12499\">Quick View<\/a>\t\t\t<div class=\"product-block-outer\"><div class=\"product-block-hover\"><\/div><\/div>\r\n\t\t\t<\/div>\r\n\t\t<\/div>\r\n\t<\/div>\r\n<\/li><li class=\"post-12498 product type-product status-publish has-post-thumbnail product_cat-kurtyny-pcv  instock featured taxable shipping-taxable purchasable product-type-simple\">\r\n <span class=\"product-loading\"><\/span>\r\n\t<div class=\"container-inner\">\r\n\t\t<div class=\"product-block-inner\">\r\n\t\t\t<a href=\"https:\/\/technikapcv.pl\/e-sklep\/produkt\/kurtyna-paskowa-pcv-1676x2900x2mm-standard\/\" class=\"woocommerce-LoopProduct-link woocommerce-loop-product__link\">\t\t\t<div class=\"image-block\">\t<a href=\"https:\/\/technikapcv.pl\/e-sklep\/produkt\/kurtyna-paskowa-pcv-1676x2900x2mm-standard\/\">\r\n\t\t\t\t<img loading=\"lazy\" decoding=\"async\" width=\"400\" height=\"381\" src=\"https:\/\/technikapcv.pl\/e-sklep\/wp-content\/uploads\/2025\/02\/szablon-1676x-2900-400x381.png\" class=\"attachment-woocommerce_thumbnail size-woocommerce_thumbnail\" alt=\"Kurtyna paskowa PCV 1676x2900x2mm standard\" \/><img loading=\"lazy\" decoding=\"async\" width=\"400\" height=\"381\" src=\"https:\/\/technikapcv.pl\/e-sklep\/wp-content\/uploads\/2023\/04\/15-duze-1024x768-1-400x381.jpg\" class=\"secondary-image attachment-shop-catalog\" alt=\"\" \/>\t\t\t\t<\/a><\/div><div class=\"product-detail-wrapper\">\r\n\t\t\t\t\r\n\t\t\t<a href=\"https:\/\/technikapcv.pl\/e-sklep\/produkt\/kurtyna-paskowa-pcv-1676x2900x2mm-standard\/\"><h3 class=\"product-name\">Kurtyna paskowa PCV 1676x2900x2mm standard<\/h3><\/a>\r\n\t\t\t<div class=\"star-rating\" title=\"Not yet rated\"><span style=\"width:0%\"><strong class=\"rating\">0<\/strong> out of 5<\/span><\/div>\t\t\t<\/a>\n\t<span class=\"price\"><span class=\"woocommerce-Price-amount amount\">512,72&nbsp;<span class=\"woocommerce-Price-currencySymbol\">&#122;&#322;<\/span><\/span><\/span>\n<a href=\"\/e-sklep\/wp-json\/wp\/v2\/pages\/212?add-to-cart=12498\" aria-describedby=\"woocommerce_loop_add_to_cart_link_describedby_12498\" data-quantity=\"1\" class=\"button product_type_simple add_to_cart_button ajax_add_to_cart\" data-product_id=\"12498\" data-product_sku=\"\" aria-label=\"Dodaj do koszyka: &bdquo;Kurtyna paskowa PCV 1676x2900x2mm standard&rdquo;\" rel=\"nofollow\" data-success_message=\"&ldquo;Kurtyna paskowa PCV 1676x2900x2mm standard&rdquo; zosta\u0142 dodany do twojego koszyka\">Dodaj do koszyka<\/a>\t<span id=\"woocommerce_loop_add_to_cart_link_describedby_12498\" class=\"screen-reader-text\">\n\t\t\t<\/span>\n\n<div\n\tclass=\"yith-wcwl-add-to-wishlist add-to-wishlist-12498 yith-wcwl-add-to-wishlist--link-style wishlist-fragment on-first-load\"\n\tdata-fragment-ref=\"12498\"\n\tdata-fragment-options=\"{&quot;base_url&quot;:&quot;&quot;,&quot;product_id&quot;:12498,&quot;parent_product_id&quot;:0,&quot;product_type&quot;:&quot;simple&quot;,&quot;is_single&quot;:false,&quot;in_default_wishlist&quot;:false,&quot;show_view&quot;:false,&quot;browse_wishlist_text&quot;:&quot;Browse wishlist&quot;,&quot;already_in_wishslist_text&quot;:&quot;The product is already in your wishlist!&quot;,&quot;product_added_text&quot;:&quot;Product added!&quot;,&quot;available_multi_wishlist&quot;:false,&quot;disable_wishlist&quot;:false,&quot;show_count&quot;:false,&quot;ajax_loading&quot;:false,&quot;loop_position&quot;:&quot;after_add_to_cart&quot;,&quot;item&quot;:&quot;add_to_wishlist&quot;}\"\n>\n\t<\/div>\n\t<div class=\"woocommerce product compare-button\">\r\n\t\t\t<a\r\n\t\thref=\"https:\/\/technikapcv.pl\/e-sklep?action=yith-woocompare-add-product&#038;id=12498\"\r\n\t\tclass=\"compare button  \"\r\n\t\tdata-product_id=\"12498\"\r\n\t\ttarget=\"_self\"\r\n\t\trel=\"nofollow\"\r\n\t>\r\n\t\t\t\t<span class=\"label\">\r\n\t\t\tPor\u00f3wnaj\t\t<\/span>\r\n\t<\/a>\r\n\r\n\t<\/div><a href=\"#\" class=\"button yith-wcqv-button\" data-product_id=\"12498\">Quick View<\/a>\t\t\t<div class=\"product-block-outer\"><div class=\"product-block-hover\"><\/div><\/div>\r\n\t\t\t<\/div>\r\n\t\t<\/div>\r\n\t<\/div>\r\n<\/li><li class=\"post-12497 product type-product status-publish has-post-thumbnail product_cat-kurtyny-pcv  instock featured taxable shipping-taxable purchasable product-type-simple\">\r\n <span class=\"product-loading\"><\/span>\r\n\t<div class=\"container-inner\">\r\n\t\t<div class=\"product-block-inner\">\r\n\t\t\t<a href=\"https:\/\/technikapcv.pl\/e-sklep\/produkt\/kurtyna-paskowa-pcv-1676x2800x2mm-standard\/\" class=\"woocommerce-LoopProduct-link woocommerce-loop-product__link\">\t\t\t<div class=\"image-block\">\t<a href=\"https:\/\/technikapcv.pl\/e-sklep\/produkt\/kurtyna-paskowa-pcv-1676x2800x2mm-standard\/\">\r\n\t\t\t\t<img loading=\"lazy\" decoding=\"async\" width=\"400\" height=\"381\" src=\"https:\/\/technikapcv.pl\/e-sklep\/wp-content\/uploads\/2025\/02\/szablon-1676x-2800-400x381.png\" class=\"attachment-woocommerce_thumbnail size-woocommerce_thumbnail\" alt=\"Kurtyna paskowa PCV 1676x2800x2mm standard\" \/><img loading=\"lazy\" decoding=\"async\" width=\"400\" height=\"381\" src=\"https:\/\/technikapcv.pl\/e-sklep\/wp-content\/uploads\/2023\/04\/15-duze-1024x768-1-400x381.jpg\" class=\"secondary-image attachment-shop-catalog\" alt=\"\" \/>\t\t\t\t<\/a><\/div><div class=\"product-detail-wrapper\">\r\n\t\t\t\t\r\n\t\t\t<a href=\"https:\/\/technikapcv.pl\/e-sklep\/produkt\/kurtyna-paskowa-pcv-1676x2800x2mm-standard\/\"><h3 class=\"product-name\">Kurtyna paskowa PCV 1676x2800x2mm standard<\/h3><\/a>\r\n\t\t\t<div class=\"star-rating\" title=\"Not yet rated\"><span style=\"width:0%\"><strong class=\"rating\">0<\/strong> out of 5<\/span><\/div>\t\t\t<\/a>\n\t<span class=\"price\"><span class=\"woocommerce-Price-amount amount\">495,04&nbsp;<span class=\"woocommerce-Price-currencySymbol\">&#122;&#322;<\/span><\/span><\/span>\n<a href=\"\/e-sklep\/wp-json\/wp\/v2\/pages\/212?add-to-cart=12497\" aria-describedby=\"woocommerce_loop_add_to_cart_link_describedby_12497\" data-quantity=\"1\" class=\"button product_type_simple add_to_cart_button ajax_add_to_cart\" data-product_id=\"12497\" data-product_sku=\"\" aria-label=\"Dodaj do koszyka: &bdquo;Kurtyna paskowa PCV 1676x2800x2mm standard&rdquo;\" rel=\"nofollow\" data-success_message=\"&ldquo;Kurtyna paskowa PCV 1676x2800x2mm standard&rdquo; zosta\u0142 dodany do twojego koszyka\">Dodaj do koszyka<\/a>\t<span id=\"woocommerce_loop_add_to_cart_link_describedby_12497\" class=\"screen-reader-text\">\n\t\t\t<\/span>\n\n<div\n\tclass=\"yith-wcwl-add-to-wishlist add-to-wishlist-12497 yith-wcwl-add-to-wishlist--link-style wishlist-fragment on-first-load\"\n\tdata-fragment-ref=\"12497\"\n\tdata-fragment-options=\"{&quot;base_url&quot;:&quot;&quot;,&quot;product_id&quot;:12497,&quot;parent_product_id&quot;:0,&quot;product_type&quot;:&quot;simple&quot;,&quot;is_single&quot;:false,&quot;in_default_wishlist&quot;:false,&quot;show_view&quot;:false,&quot;browse_wishlist_text&quot;:&quot;Browse wishlist&quot;,&quot;already_in_wishslist_text&quot;:&quot;The product is already in your wishlist!&quot;,&quot;product_added_text&quot;:&quot;Product added!&quot;,&quot;available_multi_wishlist&quot;:false,&quot;disable_wishlist&quot;:false,&quot;show_count&quot;:false,&quot;ajax_loading&quot;:false,&quot;loop_position&quot;:&quot;after_add_to_cart&quot;,&quot;item&quot;:&quot;add_to_wishlist&quot;}\"\n>\n\t<\/div>\n\t<div class=\"woocommerce product compare-button\">\r\n\t\t\t<a\r\n\t\thref=\"https:\/\/technikapcv.pl\/e-sklep?action=yith-woocompare-add-product&#038;id=12497\"\r\n\t\tclass=\"compare button  \"\r\n\t\tdata-product_id=\"12497\"\r\n\t\ttarget=\"_self\"\r\n\t\trel=\"nofollow\"\r\n\t>\r\n\t\t\t\t<span class=\"label\">\r\n\t\t\tPor\u00f3wnaj\t\t<\/span>\r\n\t<\/a>\r\n\r\n\t<\/div><a href=\"#\" class=\"button yith-wcqv-button\" data-product_id=\"12497\">Quick View<\/a>\t\t\t<div class=\"product-block-outer\"><div class=\"product-block-hover\"><\/div><\/div>\r\n\t\t\t<\/div>\r\n\t\t<\/div>\r\n\t<\/div>\r\n<\/li><li class=\"post-12496 product type-product status-publish has-post-thumbnail product_cat-kurtyny-pcv last instock featured taxable shipping-taxable purchasable product-type-simple\">\r\n <span class=\"product-loading\"><\/span>\r\n\t<div class=\"container-inner\">\r\n\t\t<div class=\"product-block-inner\">\r\n\t\t\t<a href=\"https:\/\/technikapcv.pl\/e-sklep\/produkt\/kurtyna-paskowa-pcv-1676x2700x2mm-standard\/\" class=\"woocommerce-LoopProduct-link woocommerce-loop-product__link\">\t\t\t<div class=\"image-block\">\t<a href=\"https:\/\/technikapcv.pl\/e-sklep\/produkt\/kurtyna-paskowa-pcv-1676x2700x2mm-standard\/\">\r\n\t\t\t\t<img loading=\"lazy\" decoding=\"async\" width=\"400\" height=\"381\" src=\"https:\/\/technikapcv.pl\/e-sklep\/wp-content\/uploads\/2025\/02\/szablon-1676x-2700-400x381.png\" class=\"attachment-woocommerce_thumbnail size-woocommerce_thumbnail\" alt=\"Kurtyna paskowa PCV 1676x2700x2mm standard\" \/><img loading=\"lazy\" decoding=\"async\" width=\"400\" height=\"381\" src=\"https:\/\/technikapcv.pl\/e-sklep\/wp-content\/uploads\/2023\/04\/15-duze-1024x768-1-400x381.jpg\" class=\"secondary-image attachment-shop-catalog\" alt=\"\" \/>\t\t\t\t<\/a><\/div><div class=\"product-detail-wrapper\">\r\n\t\t\t\t\r\n\t\t\t<a href=\"https:\/\/technikapcv.pl\/e-sklep\/produkt\/kurtyna-paskowa-pcv-1676x2700x2mm-standard\/\"><h3 class=\"product-name\">Kurtyna paskowa PCV 1676x2700x2mm standard<\/h3><\/a>\r\n\t\t\t<div class=\"star-rating\" title=\"Not yet rated\"><span style=\"width:0%\"><strong class=\"rating\">0<\/strong> out of 5<\/span><\/div>\t\t\t<\/a>\n\t<span class=\"price\"><span class=\"woocommerce-Price-amount amount\">477,36&nbsp;<span class=\"woocommerce-Price-currencySymbol\">&#122;&#322;<\/span><\/span><\/span>\n<a href=\"\/e-sklep\/wp-json\/wp\/v2\/pages\/212?add-to-cart=12496\" aria-describedby=\"woocommerce_loop_add_to_cart_link_describedby_12496\" data-quantity=\"1\" class=\"button product_type_simple add_to_cart_button ajax_add_to_cart\" data-product_id=\"12496\" data-product_sku=\"\" aria-label=\"Dodaj do koszyka: &bdquo;Kurtyna paskowa PCV 1676x2700x2mm standard&rdquo;\" rel=\"nofollow\" data-success_message=\"&ldquo;Kurtyna paskowa PCV 1676x2700x2mm standard&rdquo; zosta\u0142 dodany do twojego koszyka\">Dodaj do koszyka<\/a>\t<span id=\"woocommerce_loop_add_to_cart_link_describedby_12496\" class=\"screen-reader-text\">\n\t\t\t<\/span>\n\n<div\n\tclass=\"yith-wcwl-add-to-wishlist add-to-wishlist-12496 yith-wcwl-add-to-wishlist--link-style wishlist-fragment on-first-load\"\n\tdata-fragment-ref=\"12496\"\n\tdata-fragment-options=\"{&quot;base_url&quot;:&quot;&quot;,&quot;product_id&quot;:12496,&quot;parent_product_id&quot;:0,&quot;product_type&quot;:&quot;simple&quot;,&quot;is_single&quot;:false,&quot;in_default_wishlist&quot;:false,&quot;show_view&quot;:false,&quot;browse_wishlist_text&quot;:&quot;Browse wishlist&quot;,&quot;already_in_wishslist_text&quot;:&quot;The product is already in your wishlist!&quot;,&quot;product_added_text&quot;:&quot;Product added!&quot;,&quot;available_multi_wishlist&quot;:false,&quot;disable_wishlist&quot;:false,&quot;show_count&quot;:false,&quot;ajax_loading&quot;:false,&quot;loop_position&quot;:&quot;after_add_to_cart&quot;,&quot;item&quot;:&quot;add_to_wishlist&quot;}\"\n>\n\t<\/div>\n\t<div class=\"woocommerce product compare-button\">\r\n\t\t\t<a\r\n\t\thref=\"https:\/\/technikapcv.pl\/e-sklep?action=yith-woocompare-add-product&#038;id=12496\"\r\n\t\tclass=\"compare button  \"\r\n\t\tdata-product_id=\"12496\"\r\n\t\ttarget=\"_self\"\r\n\t\trel=\"nofollow\"\r\n\t>\r\n\t\t\t\t<span class=\"label\">\r\n\t\t\tPor\u00f3wnaj\t\t<\/span>\r\n\t<\/a>\r\n\r\n\t<\/div><a href=\"#\" class=\"button yith-wcqv-button\" data-product_id=\"12496\">Quick View<\/a>\t\t\t<div class=\"product-block-outer\"><div class=\"product-block-hover\"><\/div><\/div>\r\n\t\t\t<\/div>\r\n\t\t<\/div>\r\n\t<\/div>\r\n<\/li><li class=\"post-12495 product type-product status-publish has-post-thumbnail product_cat-kurtyny-pcv first instock featured taxable shipping-taxable purchasable product-type-simple\">\r\n <span class=\"product-loading\"><\/span>\r\n\t<div class=\"container-inner\">\r\n\t\t<div class=\"product-block-inner\">\r\n\t\t\t<a href=\"https:\/\/technikapcv.pl\/e-sklep\/produkt\/kurtyna-paskowa-pcv-1676x2600x2mm-standard\/\" class=\"woocommerce-LoopProduct-link woocommerce-loop-product__link\">\t\t\t<div class=\"image-block\">\t<a href=\"https:\/\/technikapcv.pl\/e-sklep\/produkt\/kurtyna-paskowa-pcv-1676x2600x2mm-standard\/\">\r\n\t\t\t\t<img loading=\"lazy\" decoding=\"async\" width=\"400\" height=\"381\" src=\"https:\/\/technikapcv.pl\/e-sklep\/wp-content\/uploads\/2025\/02\/szablon-1676x-2600-1-400x381.png\" class=\"attachment-woocommerce_thumbnail size-woocommerce_thumbnail\" alt=\"Kurtyna paskowa PCV 1676x2600x2mm standard\" \/><img loading=\"lazy\" decoding=\"async\" width=\"400\" height=\"381\" src=\"https:\/\/technikapcv.pl\/e-sklep\/wp-content\/uploads\/2023\/04\/15-duze-1024x768-1-400x381.jpg\" class=\"secondary-image attachment-shop-catalog\" alt=\"\" \/>\t\t\t\t<\/a><\/div><div class=\"product-detail-wrapper\">\r\n\t\t\t\t\r\n\t\t\t<a href=\"https:\/\/technikapcv.pl\/e-sklep\/produkt\/kurtyna-paskowa-pcv-1676x2600x2mm-standard\/\"><h3 class=\"product-name\">Kurtyna paskowa PCV 1676x2600x2mm standard<\/h3><\/a>\r\n\t\t\t<div class=\"star-rating\" title=\"Not yet rated\"><span style=\"width:0%\"><strong class=\"rating\">0<\/strong> out of 5<\/span><\/div>\t\t\t<\/a>\n\t<span class=\"price\"><span class=\"woocommerce-Price-amount amount\">459,68&nbsp;<span class=\"woocommerce-Price-currencySymbol\">&#122;&#322;<\/span><\/span><\/span>\n<a href=\"\/e-sklep\/wp-json\/wp\/v2\/pages\/212?add-to-cart=12495\" aria-describedby=\"woocommerce_loop_add_to_cart_link_describedby_12495\" data-quantity=\"1\" class=\"button product_type_simple add_to_cart_button ajax_add_to_cart\" data-product_id=\"12495\" data-product_sku=\"\" aria-label=\"Dodaj do koszyka: &bdquo;Kurtyna paskowa PCV 1676x2600x2mm standard&rdquo;\" rel=\"nofollow\" data-success_message=\"&ldquo;Kurtyna paskowa PCV 1676x2600x2mm standard&rdquo; zosta\u0142 dodany do twojego koszyka\">Dodaj do koszyka<\/a>\t<span id=\"woocommerce_loop_add_to_cart_link_describedby_12495\" class=\"screen-reader-text\">\n\t\t\t<\/span>\n\n<div\n\tclass=\"yith-wcwl-add-to-wishlist add-to-wishlist-12495 yith-wcwl-add-to-wishlist--link-style wishlist-fragment on-first-load\"\n\tdata-fragment-ref=\"12495\"\n\tdata-fragment-options=\"{&quot;base_url&quot;:&quot;&quot;,&quot;product_id&quot;:12495,&quot;parent_product_id&quot;:0,&quot;product_type&quot;:&quot;simple&quot;,&quot;is_single&quot;:false,&quot;in_default_wishlist&quot;:false,&quot;show_view&quot;:false,&quot;browse_wishlist_text&quot;:&quot;Browse wishlist&quot;,&quot;already_in_wishslist_text&quot;:&quot;The product is already in your wishlist!&quot;,&quot;product_added_text&quot;:&quot;Product added!&quot;,&quot;available_multi_wishlist&quot;:false,&quot;disable_wishlist&quot;:false,&quot;show_count&quot;:false,&quot;ajax_loading&quot;:false,&quot;loop_position&quot;:&quot;after_add_to_cart&quot;,&quot;item&quot;:&quot;add_to_wishlist&quot;}\"\n>\n\t<\/div>\n\t<div class=\"woocommerce product compare-button\">\r\n\t\t\t<a\r\n\t\thref=\"https:\/\/technikapcv.pl\/e-sklep?action=yith-woocompare-add-product&#038;id=12495\"\r\n\t\tclass=\"compare button  \"\r\n\t\tdata-product_id=\"12495\"\r\n\t\ttarget=\"_self\"\r\n\t\trel=\"nofollow\"\r\n\t>\r\n\t\t\t\t<span class=\"label\">\r\n\t\t\tPor\u00f3wnaj\t\t<\/span>\r\n\t<\/a>\r\n\r\n\t<\/div><a href=\"#\" class=\"button yith-wcqv-button\" data-product_id=\"12495\">Quick View<\/a>\t\t\t<div class=\"product-block-outer\"><div class=\"product-block-hover\"><\/div><\/div>\r\n\t\t\t<\/div>\r\n\t\t<\/div>\r\n\t<\/div>\r\n<\/li><li class=\"post-12494 product type-product status-publish has-post-thumbnail product_cat-kurtyny-pcv  instock featured taxable shipping-taxable purchasable product-type-simple\">\r\n <span class=\"product-loading\"><\/span>\r\n\t<div class=\"container-inner\">\r\n\t\t<div class=\"product-block-inner\">\r\n\t\t\t<a href=\"https:\/\/technikapcv.pl\/e-sklep\/produkt\/kurtyna-paskowa-pcv-1676x2500x2mm-standard\/\" class=\"woocommerce-LoopProduct-link woocommerce-loop-product__link\">\t\t\t<div class=\"image-block\">\t<a href=\"https:\/\/technikapcv.pl\/e-sklep\/produkt\/kurtyna-paskowa-pcv-1676x2500x2mm-standard\/\">\r\n\t\t\t\t<img loading=\"lazy\" decoding=\"async\" width=\"400\" height=\"381\" src=\"https:\/\/technikapcv.pl\/e-sklep\/wp-content\/uploads\/2025\/02\/szablon-1676x-2500-3-400x381.png\" class=\"attachment-woocommerce_thumbnail size-woocommerce_thumbnail\" alt=\"Kurtyna paskowa PCV 1676x2500x2mm standard\" \/><img loading=\"lazy\" decoding=\"async\" width=\"400\" height=\"381\" src=\"https:\/\/technikapcv.pl\/e-sklep\/wp-content\/uploads\/2023\/04\/15-duze-1024x768-1-400x381.jpg\" class=\"secondary-image attachment-shop-catalog\" alt=\"\" \/>\t\t\t\t<\/a><\/div><div class=\"product-detail-wrapper\">\r\n\t\t\t\t\r\n\t\t\t<a href=\"https:\/\/technikapcv.pl\/e-sklep\/produkt\/kurtyna-paskowa-pcv-1676x2500x2mm-standard\/\"><h3 class=\"product-name\">Kurtyna paskowa PCV 1676x2500x2mm standard<\/h3><\/a>\r\n\t\t\t<div class=\"star-rating\" title=\"Not yet rated\"><span style=\"width:0%\"><strong class=\"rating\">0<\/strong> out of 5<\/span><\/div>\t\t\t<\/a>\n\t<span class=\"price\"><span class=\"woocommerce-Price-amount amount\">442,00&nbsp;<span class=\"woocommerce-Price-currencySymbol\">&#122;&#322;<\/span><\/span><\/span>\n<a href=\"\/e-sklep\/wp-json\/wp\/v2\/pages\/212?add-to-cart=12494\" aria-describedby=\"woocommerce_loop_add_to_cart_link_describedby_12494\" data-quantity=\"1\" class=\"button product_type_simple add_to_cart_button ajax_add_to_cart\" data-product_id=\"12494\" data-product_sku=\"\" aria-label=\"Dodaj do koszyka: &bdquo;Kurtyna paskowa PCV 1676x2500x2mm standard&rdquo;\" rel=\"nofollow\" data-success_message=\"&ldquo;Kurtyna paskowa PCV 1676x2500x2mm standard&rdquo; zosta\u0142 dodany do twojego koszyka\">Dodaj do koszyka<\/a>\t<span id=\"woocommerce_loop_add_to_cart_link_describedby_12494\" class=\"screen-reader-text\">\n\t\t\t<\/span>\n\n<div\n\tclass=\"yith-wcwl-add-to-wishlist add-to-wishlist-12494 yith-wcwl-add-to-wishlist--link-style wishlist-fragment on-first-load\"\n\tdata-fragment-ref=\"12494\"\n\tdata-fragment-options=\"{&quot;base_url&quot;:&quot;&quot;,&quot;product_id&quot;:12494,&quot;parent_product_id&quot;:0,&quot;product_type&quot;:&quot;simple&quot;,&quot;is_single&quot;:false,&quot;in_default_wishlist&quot;:false,&quot;show_view&quot;:false,&quot;browse_wishlist_text&quot;:&quot;Browse wishlist&quot;,&quot;already_in_wishslist_text&quot;:&quot;The product is already in your wishlist!&quot;,&quot;product_added_text&quot;:&quot;Product added!&quot;,&quot;available_multi_wishlist&quot;:false,&quot;disable_wishlist&quot;:false,&quot;show_count&quot;:false,&quot;ajax_loading&quot;:false,&quot;loop_position&quot;:&quot;after_add_to_cart&quot;,&quot;item&quot;:&quot;add_to_wishlist&quot;}\"\n>\n\t<\/div>\n\t<div class=\"woocommerce product compare-button\">\r\n\t\t\t<a\r\n\t\thref=\"https:\/\/technikapcv.pl\/e-sklep?action=yith-woocompare-add-product&#038;id=12494\"\r\n\t\tclass=\"compare button  \"\r\n\t\tdata-product_id=\"12494\"\r\n\t\ttarget=\"_self\"\r\n\t\trel=\"nofollow\"\r\n\t>\r\n\t\t\t\t<span class=\"label\">\r\n\t\t\tPor\u00f3wnaj\t\t<\/span>\r\n\t<\/a>\r\n\r\n\t<\/div><a href=\"#\" class=\"button yith-wcqv-button\" data-product_id=\"12494\">Quick View<\/a>\t\t\t<div class=\"product-block-outer\"><div class=\"product-block-hover\"><\/div><\/div>\r\n\t\t\t<\/div>\r\n\t\t<\/div>\r\n\t<\/div>\r\n<\/li><li class=\"post-12493 product type-product status-publish has-post-thumbnail product_cat-kurtyny-pcv  instock featured taxable shipping-taxable purchasable product-type-simple\">\r\n <span class=\"product-loading\"><\/span>\r\n\t<div class=\"container-inner\">\r\n\t\t<div class=\"product-block-inner\">\r\n\t\t\t<a href=\"https:\/\/technikapcv.pl\/e-sklep\/produkt\/kurtyna-paskowa-pcv-1676x2400x2mm-standard\/\" class=\"woocommerce-LoopProduct-link woocommerce-loop-product__link\">\t\t\t<div class=\"image-block\">\t<a href=\"https:\/\/technikapcv.pl\/e-sklep\/produkt\/kurtyna-paskowa-pcv-1676x2400x2mm-standard\/\">\r\n\t\t\t\t<img loading=\"lazy\" decoding=\"async\" width=\"400\" height=\"381\" src=\"https:\/\/technikapcv.pl\/e-sklep\/wp-content\/uploads\/2025\/02\/szablon-1676x-2400-400x381.png\" class=\"attachment-woocommerce_thumbnail size-woocommerce_thumbnail\" alt=\"Kurtyna paskowa PCV 1676x2400x2mm standard\" \/><img loading=\"lazy\" decoding=\"async\" width=\"400\" height=\"381\" src=\"https:\/\/technikapcv.pl\/e-sklep\/wp-content\/uploads\/2023\/04\/15-duze-1024x768-1-400x381.jpg\" class=\"secondary-image attachment-shop-catalog\" alt=\"\" \/>\t\t\t\t<\/a><\/div><div class=\"product-detail-wrapper\">\r\n\t\t\t\t\r\n\t\t\t<a href=\"https:\/\/technikapcv.pl\/e-sklep\/produkt\/kurtyna-paskowa-pcv-1676x2400x2mm-standard\/\"><h3 class=\"product-name\">Kurtyna paskowa PCV 1676x2400x2mm standard<\/h3><\/a>\r\n\t\t\t<div class=\"star-rating\" title=\"Not yet rated\"><span style=\"width:0%\"><strong class=\"rating\">0<\/strong> out of 5<\/span><\/div>\t\t\t<\/a>\n\t<span class=\"price\"><span class=\"woocommerce-Price-amount amount\">424,32&nbsp;<span class=\"woocommerce-Price-currencySymbol\">&#122;&#322;<\/span><\/span><\/span>\n<a href=\"\/e-sklep\/wp-json\/wp\/v2\/pages\/212?add-to-cart=12493\" aria-describedby=\"woocommerce_loop_add_to_cart_link_describedby_12493\" data-quantity=\"1\" class=\"button product_type_simple add_to_cart_button ajax_add_to_cart\" data-product_id=\"12493\" data-product_sku=\"\" aria-label=\"Dodaj do koszyka: &bdquo;Kurtyna paskowa PCV 1676x2400x2mm standard&rdquo;\" rel=\"nofollow\" data-success_message=\"&ldquo;Kurtyna paskowa PCV 1676x2400x2mm standard&rdquo; zosta\u0142 dodany do twojego koszyka\">Dodaj do koszyka<\/a>\t<span id=\"woocommerce_loop_add_to_cart_link_describedby_12493\" class=\"screen-reader-text\">\n\t\t\t<\/span>\n\n<div\n\tclass=\"yith-wcwl-add-to-wishlist add-to-wishlist-12493 yith-wcwl-add-to-wishlist--link-style wishlist-fragment on-first-load\"\n\tdata-fragment-ref=\"12493\"\n\tdata-fragment-options=\"{&quot;base_url&quot;:&quot;&quot;,&quot;product_id&quot;:12493,&quot;parent_product_id&quot;:0,&quot;product_type&quot;:&quot;simple&quot;,&quot;is_single&quot;:false,&quot;in_default_wishlist&quot;:false,&quot;show_view&quot;:false,&quot;browse_wishlist_text&quot;:&quot;Browse wishlist&quot;,&quot;already_in_wishslist_text&quot;:&quot;The product is already in your wishlist!&quot;,&quot;product_added_text&quot;:&quot;Product added!&quot;,&quot;available_multi_wishlist&quot;:false,&quot;disable_wishlist&quot;:false,&quot;show_count&quot;:false,&quot;ajax_loading&quot;:false,&quot;loop_position&quot;:&quot;after_add_to_cart&quot;,&quot;item&quot;:&quot;add_to_wishlist&quot;}\"\n>\n\t<\/div>\n\t<div class=\"woocommerce product compare-button\">\r\n\t\t\t<a\r\n\t\thref=\"https:\/\/technikapcv.pl\/e-sklep?action=yith-woocompare-add-product&#038;id=12493\"\r\n\t\tclass=\"compare button  \"\r\n\t\tdata-product_id=\"12493\"\r\n\t\ttarget=\"_self\"\r\n\t\trel=\"nofollow\"\r\n\t>\r\n\t\t\t\t<span class=\"label\">\r\n\t\t\tPor\u00f3wnaj\t\t<\/span>\r\n\t<\/a>\r\n\r\n\t<\/div><a href=\"#\" class=\"button yith-wcqv-button\" data-product_id=\"12493\">Quick View<\/a>\t\t\t<div class=\"product-block-outer\"><div class=\"product-block-hover\"><\/div><\/div>\r\n\t\t\t<\/div>\r\n\t\t<\/div>\r\n\t<\/div>\r\n<\/li><li class=\"post-12492 product type-product status-publish has-post-thumbnail product_cat-kurtyny-pcv last instock featured taxable shipping-taxable purchasable product-type-simple\">\r\n <span class=\"product-loading\"><\/span>\r\n\t<div class=\"container-inner\">\r\n\t\t<div class=\"product-block-inner\">\r\n\t\t\t<a href=\"https:\/\/technikapcv.pl\/e-sklep\/produkt\/kurtyna-paskowa-pcv-1676x2300x2mm-standard\/\" class=\"woocommerce-LoopProduct-link woocommerce-loop-product__link\">\t\t\t<div class=\"image-block\">\t<a href=\"https:\/\/technikapcv.pl\/e-sklep\/produkt\/kurtyna-paskowa-pcv-1676x2300x2mm-standard\/\">\r\n\t\t\t\t<img loading=\"lazy\" decoding=\"async\" width=\"400\" height=\"381\" src=\"https:\/\/technikapcv.pl\/e-sklep\/wp-content\/uploads\/2025\/02\/szablon-1676x-2300-400x381.png\" class=\"attachment-woocommerce_thumbnail size-woocommerce_thumbnail\" alt=\"Kurtyna paskowa PCV 1676x2300x2mm standard\" \/><img loading=\"lazy\" decoding=\"async\" width=\"400\" height=\"381\" src=\"https:\/\/technikapcv.pl\/e-sklep\/wp-content\/uploads\/2023\/04\/15-duze-1024x768-1-400x381.jpg\" class=\"secondary-image attachment-shop-catalog\" alt=\"\" \/>\t\t\t\t<\/a><\/div><div class=\"product-detail-wrapper\">\r\n\t\t\t\t\r\n\t\t\t<a href=\"https:\/\/technikapcv.pl\/e-sklep\/produkt\/kurtyna-paskowa-pcv-1676x2300x2mm-standard\/\"><h3 class=\"product-name\">Kurtyna paskowa PCV 1676x2300x2mm standard<\/h3><\/a>\r\n\t\t\t<div class=\"star-rating\" title=\"Not yet rated\"><span style=\"width:0%\"><strong class=\"rating\">0<\/strong> out of 5<\/span><\/div>\t\t\t<\/a>\n\t<span class=\"price\"><span class=\"woocommerce-Price-amount amount\">406,64&nbsp;<span class=\"woocommerce-Price-currencySymbol\">&#122;&#322;<\/span><\/span><\/span>\n<a href=\"\/e-sklep\/wp-json\/wp\/v2\/pages\/212?add-to-cart=12492\" aria-describedby=\"woocommerce_loop_add_to_cart_link_describedby_12492\" data-quantity=\"1\" class=\"button product_type_simple add_to_cart_button ajax_add_to_cart\" data-product_id=\"12492\" data-product_sku=\"\" aria-label=\"Dodaj do koszyka: &bdquo;Kurtyna paskowa PCV 1676x2300x2mm standard&rdquo;\" rel=\"nofollow\" data-success_message=\"&ldquo;Kurtyna paskowa PCV 1676x2300x2mm standard&rdquo; zosta\u0142 dodany do twojego koszyka\">Dodaj do koszyka<\/a>\t<span id=\"woocommerce_loop_add_to_cart_link_describedby_12492\" class=\"screen-reader-text\">\n\t\t\t<\/span>\n\n<div\n\tclass=\"yith-wcwl-add-to-wishlist add-to-wishlist-12492 yith-wcwl-add-to-wishlist--link-style wishlist-fragment on-first-load\"\n\tdata-fragment-ref=\"12492\"\n\tdata-fragment-options=\"{&quot;base_url&quot;:&quot;&quot;,&quot;product_id&quot;:12492,&quot;parent_product_id&quot;:0,&quot;product_type&quot;:&quot;simple&quot;,&quot;is_single&quot;:false,&quot;in_default_wishlist&quot;:false,&quot;show_view&quot;:false,&quot;browse_wishlist_text&quot;:&quot;Browse wishlist&quot;,&quot;already_in_wishslist_text&quot;:&quot;The product is already in your wishlist!&quot;,&quot;product_added_text&quot;:&quot;Product added!&quot;,&quot;available_multi_wishlist&quot;:false,&quot;disable_wishlist&quot;:false,&quot;show_count&quot;:false,&quot;ajax_loading&quot;:false,&quot;loop_position&quot;:&quot;after_add_to_cart&quot;,&quot;item&quot;:&quot;add_to_wishlist&quot;}\"\n>\n\t<\/div>\n\t<div class=\"woocommerce product compare-button\">\r\n\t\t\t<a\r\n\t\thref=\"https:\/\/technikapcv.pl\/e-sklep?action=yith-woocompare-add-product&#038;id=12492\"\r\n\t\tclass=\"compare button  \"\r\n\t\tdata-product_id=\"12492\"\r\n\t\ttarget=\"_self\"\r\n\t\trel=\"nofollow\"\r\n\t>\r\n\t\t\t\t<span class=\"label\">\r\n\t\t\tPor\u00f3wnaj\t\t<\/span>\r\n\t<\/a>\r\n\r\n\t<\/div><a href=\"#\" class=\"button yith-wcqv-button\" data-product_id=\"12492\">Quick View<\/a>\t\t\t<div class=\"product-block-outer\"><div class=\"product-block-hover\"><\/div><\/div>\r\n\t\t\t<\/div>\r\n\t\t<\/div>\r\n\t<\/div>\r\n<\/li><li class=\"post-12491 product type-product status-publish has-post-thumbnail product_cat-kurtyny-pcv first instock featured taxable shipping-taxable purchasable product-type-simple\">\r\n <span class=\"product-loading\"><\/span>\r\n\t<div class=\"container-inner\">\r\n\t\t<div class=\"product-block-inner\">\r\n\t\t\t<a href=\"https:\/\/technikapcv.pl\/e-sklep\/produkt\/kurtyna-paskowa-pcv-1676x2200x2mm-standard\/\" class=\"woocommerce-LoopProduct-link woocommerce-loop-product__link\">\t\t\t<div class=\"image-block\">\t<a href=\"https:\/\/technikapcv.pl\/e-sklep\/produkt\/kurtyna-paskowa-pcv-1676x2200x2mm-standard\/\">\r\n\t\t\t\t<img loading=\"lazy\" decoding=\"async\" width=\"400\" height=\"381\" src=\"https:\/\/technikapcv.pl\/e-sklep\/wp-content\/uploads\/2025\/02\/szablon-1676x-2200-400x381.png\" class=\"attachment-woocommerce_thumbnail size-woocommerce_thumbnail\" alt=\"Kurtyna paskowa PCV 1676x2200x2mm standard\" \/><img loading=\"lazy\" decoding=\"async\" width=\"400\" height=\"381\" src=\"https:\/\/technikapcv.pl\/e-sklep\/wp-content\/uploads\/2023\/04\/15-duze-1024x768-1-400x381.jpg\" class=\"secondary-image attachment-shop-catalog\" alt=\"\" \/>\t\t\t\t<\/a><\/div><div class=\"product-detail-wrapper\">\r\n\t\t\t\t\r\n\t\t\t<a href=\"https:\/\/technikapcv.pl\/e-sklep\/produkt\/kurtyna-paskowa-pcv-1676x2200x2mm-standard\/\"><h3 class=\"product-name\">Kurtyna paskowa PCV 1676x2200x2mm standard<\/h3><\/a>\r\n\t\t\t<div class=\"star-rating\" title=\"Not yet rated\"><span style=\"width:0%\"><strong class=\"rating\">0<\/strong> out of 5<\/span><\/div>\t\t\t<\/a>\n\t<span class=\"price\"><span class=\"woocommerce-Price-amount amount\">388,96&nbsp;<span class=\"woocommerce-Price-currencySymbol\">&#122;&#322;<\/span><\/span><\/span>\n<a href=\"\/e-sklep\/wp-json\/wp\/v2\/pages\/212?add-to-cart=12491\" aria-describedby=\"woocommerce_loop_add_to_cart_link_describedby_12491\" data-quantity=\"1\" class=\"button product_type_simple add_to_cart_button ajax_add_to_cart\" data-product_id=\"12491\" data-product_sku=\"\" aria-label=\"Dodaj do koszyka: &bdquo;Kurtyna paskowa PCV 1676x2200x2mm standard&rdquo;\" rel=\"nofollow\" data-success_message=\"&ldquo;Kurtyna paskowa PCV 1676x2200x2mm standard&rdquo; zosta\u0142 dodany do twojego koszyka\">Dodaj do koszyka<\/a>\t<span id=\"woocommerce_loop_add_to_cart_link_describedby_12491\" class=\"screen-reader-text\">\n\t\t\t<\/span>\n\n<div\n\tclass=\"yith-wcwl-add-to-wishlist add-to-wishlist-12491 yith-wcwl-add-to-wishlist--link-style wishlist-fragment on-first-load\"\n\tdata-fragment-ref=\"12491\"\n\tdata-fragment-options=\"{&quot;base_url&quot;:&quot;&quot;,&quot;product_id&quot;:12491,&quot;parent_product_id&quot;:0,&quot;product_type&quot;:&quot;simple&quot;,&quot;is_single&quot;:false,&quot;in_default_wishlist&quot;:false,&quot;show_view&quot;:false,&quot;browse_wishlist_text&quot;:&quot;Browse wishlist&quot;,&quot;already_in_wishslist_text&quot;:&quot;The product is already in your wishlist!&quot;,&quot;product_added_text&quot;:&quot;Product added!&quot;,&quot;available_multi_wishlist&quot;:false,&quot;disable_wishlist&quot;:false,&quot;show_count&quot;:false,&quot;ajax_loading&quot;:false,&quot;loop_position&quot;:&quot;after_add_to_cart&quot;,&quot;item&quot;:&quot;add_to_wishlist&quot;}\"\n>\n\t<\/div>\n\t<div class=\"woocommerce product compare-button\">\r\n\t\t\t<a\r\n\t\thref=\"https:\/\/technikapcv.pl\/e-sklep?action=yith-woocompare-add-product&#038;id=12491\"\r\n\t\tclass=\"compare button  \"\r\n\t\tdata-product_id=\"12491\"\r\n\t\ttarget=\"_self\"\r\n\t\trel=\"nofollow\"\r\n\t>\r\n\t\t\t\t<span class=\"label\">\r\n\t\t\tPor\u00f3wnaj\t\t<\/span>\r\n\t<\/a>\r\n\r\n\t<\/div><a href=\"#\" class=\"button yith-wcqv-button\" data-product_id=\"12491\">Quick View<\/a>\t\t\t<div class=\"product-block-outer\"><div class=\"product-block-hover\"><\/div><\/div>\r\n\t\t\t<\/div>\r\n\t\t<\/div>\r\n\t<\/div>\r\n<\/li><\/ul>\n<\/div><\/div><\/div><\/div><\/div>[\/vc_column_inner][\/vc_row_inner][\/vc_column][\/vc_row][vc_row css=&#8221;.vc_custom_1738066999340{margin-top: 40px !important;margin-bottom: 40px !important;}&#8221;][vc_column][vc_column_text css_animation=&#8221;fadeInUp&#8221; el_class=&#8221;text-container&#8221;]Oferujemy szeroki wyb\u00f3r <strong>kurtyn paskowych<\/strong> oraz <strong>folii PCV<\/strong>. Nasze produkty stanowi\u0105 idealne rozwi\u0105zanie dla firm i os\u00f3b prywatnych poszukuj\u0105cych efektywnej ochrony przed niekorzystnymi warunkami atmosferycznymi oraz zwi\u0119kszenia komfortu w przestrzeniach roboczych. Dzi\u0119ki wysokiej jako\u015bci materia\u0142om i sprawdzonym dostawcom mo\u017cemy zapewni\u0107 pe\u0142n\u0105 satysfakcj\u0119 klient\u00f3w, nawet tych najbardziej wymagaj\u0105cych. Zach\u0119camy do zapoznania si\u0119 z nasz\u0105 ofert\u0105.<\/p>\n<h2>Kurtyny paskowe w ofercie<\/h2>\n<p>W naszej ofercie kurtyny paskowe to doskona\u0142e rozwi\u0105zanie do oddzielania przestrzeni oraz ochrony przed zimnem, kurzem i ha\u0142asem. Charakteryzuj\u0105 si\u0119 wysok\u0105 jako\u015bci\u0105, dzi\u0119ki wsp\u00f3\u0142pracy z rzetelnymi dostawcami. Elastyczno\u015b\u0107 i \u0142atwo\u015b\u0107 monta\u017cu sprawiaj\u0105, \u017ce sprawdz\u0105 si\u0119 w r\u00f3\u017cnych zastosowaniach, zar\u00f3wno w przemy\u015ble, jak i obiektach handlowych. Opr\u00f3cz pas\u00f3w PCV proponujemy akcesoria do kurtyn oraz folie PCV.<\/p>\n<p>Jako dystrybutor materia\u0142\u00f3w konstrukcyjnych i termoizolacyjnych d\u0105\u017cymy do pe\u0142nej satysfakcji naszych klient\u00f3w. Liczymy na zainteresowanie ofert\u0105 nawet ze strony najbardziej wymagaj\u0105cych odbiorc\u00f3w. Zach\u0119camy do odkrycia propozycji naszej firmy oraz skorzystania z us\u0142ug dotycz\u0105cych kurtyn paskowych i innych produkt\u00f3w.<\/p>\n<h2>Folie PCV dla ka\u017cdego<\/h2>\n<p>Oferujemy r\u00f3wnie\u017c folie PCV, kt\u00f3re wyr\u00f3\u017cniaj\u0105 si\u0119 wysok\u0105 odporno\u015bci\u0105 na uszkodzenia oraz dzia\u0142anie czynnik\u00f3w atmosferycznych. Produkty te dost\u0119pne s\u0105 w r\u00f3\u017cnych grubo\u015bciach i kolorach, co umo\u017cliwia ich dostosowanie do indywidualnych potrzeb klient\u00f3w. Dzi\u0119ki temu mog\u0105 by\u0107 <strong>stosowane zar\u00f3wno w budownictwie, jak i w przemy\u015ble czy rolnictwie<\/strong>. Folie te znajduj\u0105 zastosowanie jako os\u0142ony przeciwwiatrowe, izolacje termiczne czy zabezpieczenia przed wilgoci\u0105. Wybieraj\u0105c nasze folie, mo\u017cesz mie\u0107 pewno\u015b\u0107, \u017ce otrzymasz produkt spe\u0142niaj\u0105cy najwy\u017csze standardy jako\u015bci oraz oczekiwania nawet najbardziej wymagaj\u0105cych u\u017cytkownik\u00f3w.<\/p>\n<h2>Akcesoria do kurtyn<\/h2>\n<p>W naszym sklepie proponujemy wszechstronne opcje dotycz\u0105ce kurtyn paskowych, folii PCV oraz element\u00f3w niezb\u0119dnych do ich instalacji i eksploatacji. Dzi\u0119ki temu mo\u017cna stworzy\u0107 efektywne i funkcjonalne os\u0142ony, kt\u00f3re spe\u0142ni\u0105 oczekiwania nawet najbardziej wymagaj\u0105cych u\u017cytkownik\u00f3w. W sprzeda\u017cy dost\u0119pne s\u0105 tak\u017ce r\u00f3\u017cnego rodzaju <a href=\"\/e-sklep\/index.php\/kategoria-produktu\/pasy-pcv\/pasy-pcv-chlodnicze\/\">pasy PCV<\/a>. Nasze akcesoria charakteryzuj\u0105 si\u0119 wysok\u0105 jako\u015bci\u0105 oraz trwa\u0142o\u015bci\u0105, co zapewnia <strong>d\u0142ugotrwa\u0142e i niezawodne dzia\u0142anie<\/strong>. Wsp\u00f3\u0142praca z renomowanymi dostawcami pozwala nam utrzyma\u0107 wysoki standard oferowanych produkt\u00f3w. D\u0105\u017cymy do pe\u0142nej satysfakcji klient\u00f3w, dlatego jeste\u015bmy otwarci na indywidualne potrzeby oraz propozycje wsp\u00f3\u0142pracy.[\/vc_column_text][\/vc_column][\/vc_row]<\/p>\n","protected":false},"excerpt":{"rendered":"<p>[vc_row][vc_column el_class=&#8221;home-slider&#8221;][\/vc_column][\/vc_row][vc_row el_class=&#8221;top-cms-banner theme-container&#8221;][vc_column css_animation=&#8221;bounceInRight&#8221;][vc_row_inner css=&#8221;.vc_custom_1607925161434{padding-top: 30px !important;padding-right: 30px !important;padding-bottom: 30px !important;padding-left: 30px !important;background-color: #ffffff !important;}&#8221; el_class=&#8221;top-cms-inner&#8221;][vc_column_inner el_class=&#8221;left&#8221; width=&#8221;1\/2&#8243;][\/vc_column_inner][vc_column_inner el_class=&#8221;right&#8221; width=&#8221;1\/2&#8243;][\/vc_column_inner][\/vc_row_inner][\/vc_column][\/vc_row][vc_row css_animation=&#8221;bounceInLeft&#8221; el_class=&#8221;service-wrap&#8221;][vc_column][vc_row_inner el_class=&#8221;home-service theme-container&#8221; css=&#8221;.vc_custom_1607751387151{margin-bottom: 60px !important;border-bottom-width: 1px !important;padding-top: 40px !important;padding-bottom: 40px !important;border-bottom-color: #e4e4e4 !important;border-bottom-style: solid !important;}&#8221;][vc_column_inner width=&#8221;1\/4&#8243;][\/vc_column_inner][vc_column_inner width=&#8221;1\/4&#8243;][\/vc_column_inner][vc_column_inner width=&#8221;1\/4&#8243;][\/vc_column_inner][vc_column_inner width=&#8221;1\/4&#8243;][\/vc_column_inner][\/vc_row_inner][\/vc_column][\/vc_row][vc_row css_animation=&#8221;bounceInUp&#8221;][vc_column][vc_row_inner el_class=&#8221;top-product-tab theme-container&#8221;][vc_column_inner][\/vc_column_inner][\/vc_row_inner][\/vc_column][\/vc_row][vc_row css=&#8221;.vc_custom_1738066999340{margin-top: 40px !important;margin-bottom: 40px !important;}&#8221;][vc_column][vc_column_text css_animation=&#8221;fadeInUp&#8221; el_class=&#8221;text-container&#8221;]Oferujemy szeroki wyb\u00f3r kurtyn paskowych oraz folii PCV. Nasze produkty stanowi\u0105 idealne rozwi\u0105zanie dla firm i os\u00f3b prywatnych poszukuj\u0105cych efektywnej ochrony przed niekorzystnymi warunkami atmosferycznymi oraz zwi\u0119kszenia komfortu w przestrzeniach roboczych. Dzi\u0119ki wysokiej jako\u015bci materia\u0142om i sprawdzonym dostawcom mo\u017cemy zapewni\u0107 pe\u0142n\u0105 satysfakcj\u0119 klient\u00f3w, nawet tych najbardziej wymagaj\u0105cych. Zach\u0119camy do zapoznania si\u0119 z nasz\u0105 ofert\u0105. Kurtyny paskowe w ofercie W naszej ofercie kurtyny paskowe to doskona\u0142e rozwi\u0105zanie do oddzielania przestrzeni oraz ochrony przed zimnem, kurzem i ha\u0142asem. Charakteryzuj\u0105 si\u0119 wysok\u0105 jako\u015bci\u0105, dzi\u0119ki wsp\u00f3\u0142pracy z rzetelnymi dostawcami. Elastyczno\u015b\u0107 i \u0142atwo\u015b\u0107 monta\u017cu sprawiaj\u0105, \u017ce sprawdz\u0105 si\u0119 w r\u00f3\u017cnych zastosowaniach, zar\u00f3wno w przemy\u015ble,&hellip; <a class=\"read-more-link\" href=\"https:\/\/technikapcv.pl\/e-sklep\/\">Read More<\/a><\/p>\n","protected":false},"author":1,"featured_media":0,"parent":0,"menu_order":0,"comment_status":"closed","ping_status":"open","template":"page-templates\/home.php","meta":{"om_disable_all_campaigns":false,"_monsterinsights_skip_tracking":false,"_monsterinsights_sitenote_active":false,"_monsterinsights_sitenote_note":"","_monsterinsights_sitenote_category":0,"footnotes":""},"class_list":["post-212","page","type-page","status-publish","hentry"],"aioseo_notices":[],"jetpack_sharing_enabled":true,"_links":{"self":[{"href":"https:\/\/technikapcv.pl\/e-sklep\/wp-json\/wp\/v2\/pages\/212","targetHints":{"allow":["GET"]}}],"collection":[{"href":"https:\/\/technikapcv.pl\/e-sklep\/wp-json\/wp\/v2\/pages"}],"about":[{"href":"https:\/\/technikapcv.pl\/e-sklep\/wp-json\/wp\/v2\/types\/page"}],"author":[{"embeddable":true,"href":"https:\/\/technikapcv.pl\/e-sklep\/wp-json\/wp\/v2\/users\/1"}],"replies":[{"embeddable":true,"href":"https:\/\/technikapcv.pl\/e-sklep\/wp-json\/wp\/v2\/comments?post=212"}],"version-history":[{"count":28,"href":"https:\/\/technikapcv.pl\/e-sklep\/wp-json\/wp\/v2\/pages\/212\/revisions"}],"predecessor-version":[{"id":12587,"href":"https:\/\/technikapcv.pl\/e-sklep\/wp-json\/wp\/v2\/pages\/212\/revisions\/12587"}],"wp:attachment":[{"href":"https:\/\/technikapcv.pl\/e-sklep\/wp-json\/wp\/v2\/media?parent=212"}],"curies":[{"name":"wp","href":"https:\/\/api.w.org\/{rel}","templated":true}]}}